{"version":"1.0","provider_name":"Entorno Empresarial","provider_url":"https:\/\/coparmexjal.org.mx\/entorno-empresarial","author_name":"Coparmex Jalisco","author_url":"https:\/\/coparmexjal.org.mx\/entorno-empresarial\/author\/coparmexjalisco\/","title":"\u00bfSupervisor, L\u00edder o ambos? - Entorno Empresarial","type":"rich","width":600,"height":338,"html":"<blockquote class=\"wp-embedded-content\" data-secret=\"gqVR4AwHgX\"><a href=\"https:\/\/coparmexjal.org.mx\/entorno-empresarial\/supervisor-lider-o-ambos\/\">\u00bfSupervisor, L\u00edder o ambos?<\/a><\/blockquote><iframe sandbox=\"allow-scripts\" security=\"restricted\" src=\"https:\/\/coparmexjal.org.mx\/entorno-empresarial\/supervisor-lider-o-ambos\/embed\/#?secret=gqVR4AwHgX\" width=\"600\" height=\"338\" title=\"&#8220;\u00bfSupervisor, L\u00edder o ambos?&#8221; &#8212; Entorno Empresarial\" data-secret=\"gqVR4AwHgX\" frameborder=\"0\" marginwidth=\"0\" marginheight=\"0\" scrolling=\"no\" class=\"wp-embedded-content\"><\/iframe><script type=\"text\/javascript\">\n\/* <![CDATA[ *\/\n\/*! This file is auto-generated *\/\n!function(d,l){\"use strict\";l.querySelector&&d.addEventListener&&\"undefined\"!=typeof URL&&(d.wp=d.wp||{},d.wp.receiveEmbedMessage||(d.wp.receiveEmbedMessage=function(e){var t=e.data;if((t||t.secret||t.message||t.value)&&!\/[^a-zA-Z0-9]\/.test(t.secret)){for(var s,r,n,a=l.querySelectorAll('iframe[data-secret=\"'+t.secret+'\"]'),o=l.querySelectorAll('blockquote[data-secret=\"'+t.secret+'\"]'),c=new RegExp(\"^https?:$\",\"i\"),i=0;i<o.length;i++)o[i].style.display=\"none\";for(i=0;i<a.length;i++)s=a[i],e.source===s.contentWindow&&(s.removeAttribute(\"style\"),\"height\"===t.message?(1e3<(r=parseInt(t.value,10))?r=1e3:~~r<200&&(r=200),s.height=r):\"link\"===t.message&&(r=new URL(s.getAttribute(\"src\")),n=new URL(t.value),c.test(n.protocol))&&n.host===r.host&&l.activeElement===s&&(d.top.location.href=t.value))}},d.addEventListener(\"message\",d.wp.receiveEmbedMessage,!1),l.addEventListener(\"DOMContentLoaded\",function(){for(var e,t,s=l.querySelectorAll(\"iframe.wp-embedded-content\"),r=0;r<s.length;r++)(t=(e=s[r]).getAttribute(\"data-secret\"))||(t=Math.random().toString(36).substring(2,12),e.src+=\"#?secret=\"+t,e.setAttribute(\"data-secret\",t)),e.contentWindow.postMessage({message:\"ready\",secret:t},\"*\")},!1)))}(window,document);\n\/* ]]> *\/\n<\/script>\n","thumbnail_url":"https:\/\/coparmexjal.org.mx\/entorno-empresarial\/wp-content\/uploads\/2021\/05\/business-meeting-5395567_1920.jpg","thumbnail_width":1200,"thumbnail_height":800,"description":"Cuando hablamos de supervisor y l\u00edder existen diferencias muy marcadas en el \u00e1mbito empresarial, estereotipamos las palabras y las utilizamos indistintamente y por separado, cuando podemos hacer un complemento de ambas. Como acci\u00f3n son actividades diferentes y \u00fanicas que se realizan para lograr resultados espec\u00edficos."}