{"id":24693,"date":"2025-12-04T16:25:55","date_gmt":"2025-12-04T22:25:55","guid":{"rendered":"https:\/\/coparmexjal.org.mx\/cpx\/?post_type=mec-events&#038;p=24693"},"modified":"2025-12-04T16:25:55","modified_gmt":"2025-12-04T22:25:55","slug":"liderazgo-okrs","status":"publish","type":"mec-events","link":"https:\/\/coparmexjal.org.mx\/cpx\/cursos\/liderazgo-okrs\/","title":{"rendered":"Liderazgo estrat\u00e9gico con OKRs e IA"},"content":{"rendered":"<p>[vc_row][vc_column][vc_column_text]Fortalece las competencias directivas y anal\u00edticas de los participantes para definir, medir y alcanzar objetivos estrat\u00e9gicos mediante la aplicaci\u00f3n pr\u00e1ctica de OKRs (Objectives and Key Results), KPIs (Key Performance Indicators) y herramientas de inteligencia artificial, impulsando una cultura de resultados, innovaci\u00f3n y mejora continua.<\/p>\n<p style=\"text-align: justify;\"><strong>\u00bfPara qui\u00e9n es este curso?<\/strong><\/p>\n<p>gerentes, coordinadores y l\u00edderes de \u00e1rea responsables de la planeaci\u00f3n estrat\u00e9gica, seguimiento de resultados, innovaci\u00f3n o transformaci\u00f3n digital. Tambi\u00e9n est\u00e1 dirigido a consultores, empresarios y profesionales que deseen integrar herramientas de inteligencia artificial para fortalecer la gesti\u00f3n por resultados en sus organizaciones.[\/vc_column_text][\/vc_column][\/vc_row][vc_row css=\u00bb.vc_custom_1644542146667{background-color: #f9f9f9 !important;}\u00bb][vc_column][vc_row_inner][vc_column_inner width=\u00bb1\/3&#8243;][vc_column_text]<b><span style=\"color: #339966;\">Fechas:<\/span><br \/>\n<\/b>21, 28 de enero; 4 y 11 de febrero 2026<br \/>\n<b style=\"color: #339966;\">Duraci\u00f3n:<br \/>\n<\/b>16 horas<br \/>\n<b style=\"color: #339966;\">Horario:<br \/>\n<\/b>16:00 a 20:00 hrs[\/vc_column_text][\/vc_column_inner][vc_column_inner width=\u00bb1\/3&#8243;][vc_column_text]<b><span style=\"color: #339966;\">Nivel de conocimiento:<\/span><br \/>\n<\/b><\/p>\n<ul>\n<li aria-level=\"1\">Conocimientos generales de planeaci\u00f3n o gesti\u00f3n de proyectos.<\/li>\n<li aria-level=\"1\">Familiaridad con herramientas digitales (Excel, PowerPoint, o equivalentes).<\/li>\n<li aria-level=\"1\">Deseable: experiencia en liderazgo, coordinaci\u00f3n de equipos o an\u00e1lisis de resultados<\/li>\n<\/ul>\n<p>[\/vc_column_text][\/vc_column_inner][vc_column_inner width=\u00bb1\/3&#8243;][vc_column_text]<b><span style=\"color: #339966;\">Habilidades del participante:<\/span><br \/>\n<\/b><\/p>\n<ul>\n<li aria-level=\"1\">Conocimientos generales de planeaci\u00f3n o gesti\u00f3n de proyectos.<\/li>\n<li aria-level=\"1\">Familiaridad con herramientas digitales (Excel, PowerPoint, o equivalentes).<\/li>\n<li aria-level=\"1\">Deseable: experiencia en liderazgo, coordinaci\u00f3n de equipos o an\u00e1lisis de resultados.<\/li>\n<\/ul>\n<p><b style=\"color: #339966;\">Requerimientos:<br \/>\n<\/b><\/p>\n<ul>\n<li aria-level=\"1\">Acceso a equipo de c\u00f3mputo o dispositivo digital en sesi\u00f3n.<\/li>\n<li aria-level=\"1\">Disposici\u00f3n para participar en ejercicios pr\u00e1cticos y simulaciones.<\/li>\n<\/ul>\n<p>[\/vc_column_text][\/vc_column_inner][\/vc_row_inner][vc_row_inner][vc_column_inner width=\u00bb1\/2&#8243;][vc_column_text]<b><span style=\"color: #339966;\">Obtienes:<\/span><br \/>\n<\/b>Diploma, curso pr\u00e1ctico y constancia DC-3[\/vc_column_text][\/vc_column_inner][vc_column_inner width=\u00bb1\/2&#8243;][vc_column_text]<b><span style=\"color: #339966;\">Aprender\u00e1s:<\/span><br \/>\n<\/b><\/p>\n<ul>\n<li aria-level=\"1\">Dise\u00f1ar indicadores (KPIs) que traducen la estrategia en acci\u00f3n.<\/li>\n<li aria-level=\"1\">Implementar el modelo OKR para impulsar la productividad y el enfoque.<\/li>\n<li aria-level=\"1\">Utilizar herramientas de IA para planificar, analizar y monitorear metas.<\/li>\n<li aria-level=\"1\">Elaborar tableros de control que faciliten la toma de decisiones.<\/li>\n<\/ul>\n<p>[\/vc_column_text][\/vc_column_inner][\/vc_row_inner][\/vc_column][\/vc_row][vc_row][vc_column][vc_tta_accordion style=\u00bbmodern\u00bb active_section=\u00bb1&#8243; no_fill=\u00bbtrue\u00bb collapsible_all=\u00bbtrue\u00bb title=\u00bbTemario\u00bb][vc_tta_section title=\u00bbM\u00f3dulo 1. Introducci\u00f3n a la Gesti\u00f3n Estrat\u00e9gica 5.0 (2 horas)\u00bb tab_id=\u00bb1572040042016-5cce572d-ba10&#8243;][vc_column_text]<\/p>\n<ul>\n<li aria-level=\"1\">De la planeaci\u00f3n tradicional a la gesti\u00f3n 5.0.<\/li>\n<li aria-level=\"1\">Integraci\u00f3n entre estrategia, datos y tecnolog\u00eda.<\/li>\n<li aria-level=\"1\">Rol de la inteligencia artificial en la toma de decisiones empresariales.<\/li>\n<li aria-level=\"1\">Cultura organizacional basada en resultados.<\/li>\n<\/ul>\n<p>[\/vc_column_text][\/vc_tta_section][vc_tta_section title=\u00bbM\u00f3dulo 2. Fundamentos de KPIs: Medici\u00f3n de desempe\u00f1o (2 horas)\u00bb tab_id=\u00bb1652977524633-abdb3e62-edeb\u00bb][vc_column_text]<\/p>\n<ul>\n<li aria-level=\"1\">Qu\u00e9 son los KPIs y su importancia en la gesti\u00f3n estrat\u00e9gica.<\/li>\n<li aria-level=\"1\">Tipos de indicadores: estrat\u00e9gicos, t\u00e1cticos y operativos.<\/li>\n<li aria-level=\"1\">C\u00f3mo dise\u00f1ar indicadores relevantes, medibles y accionables.<\/li>\n<li aria-level=\"1\">Tableros de control y visualizaci\u00f3n de resultados.<\/li>\n<\/ul>\n<p>[\/vc_column_text][\/vc_tta_section][vc_tta_section title=\u00bbM\u00f3dulo 3. OKRs: Objetivos y Resultados Clave (3 horas)\u00bb tab_id=\u00bb1652977536900-29e8a3ea-caf1&#8243;][vc_column_text]<\/p>\n<ul>\n<li aria-level=\"1\">Qu\u00e9 son los OKRs y c\u00f3mo se diferencian de los KPIs.<\/li>\n<li aria-level=\"1\">Estructura pr\u00e1ctica: objetivo, resultados clave e iniciativas.<\/li>\n<li aria-level=\"1\">C\u00f3mo definir OKRs efectivos y alinearlos al prop\u00f3sito organizacional.<\/li>\n<li aria-level=\"1\">Cascada de OKRs: del nivel directivo al operativo.<\/li>\n<li aria-level=\"1\">Seguimiento, evaluaci\u00f3n y aprendizaje continuo.<\/li>\n<\/ul>\n<p>[\/vc_column_text][\/vc_tta_section][vc_tta_section title=\u00bbM\u00f3dulo 4. Inteligencia Artificial aplicada a la estrategia (4 horas)\u00bb tab_id=\u00bb1652977544456-893e2809-1a56&#8243;][vc_column_text]<\/p>\n<ul>\n<li aria-level=\"1\">C\u00f3mo la IA potencia la planeaci\u00f3n, predicci\u00f3n y toma de decisiones.<\/li>\n<li aria-level=\"1\">Herramientas de IA para an\u00e1lisis de datos, evaluaci\u00f3n de desempe\u00f1o y planificaci\u00f3n (ChatGPT, Power BI, Notion AI, etc.).<\/li>\n<li aria-level=\"1\">Casos pr\u00e1cticos: automatizaci\u00f3n de reportes y generaci\u00f3n de insights.<\/li>\n<li aria-level=\"1\">IA para gesti\u00f3n de talento, productividad y toma de decisiones estrat\u00e9gicas.<\/li>\n<\/ul>\n<p>[\/vc_column_text][\/vc_tta_section][vc_tta_section title=\u00bbM\u00f3dulo 5. Innovaci\u00f3n, liderazgo y transformaci\u00f3n digital (3 horas)\u00bb tab_id=\u00bb1764887019186-fec791c7-b014&#8243;][vc_column_text]<\/p>\n<ul>\n<li aria-level=\"1\">El rol del l\u00edder en la cultura de innovaci\u00f3n y resultados.<\/li>\n<li aria-level=\"1\">Gesti\u00f3n del cambio en organizaciones 5.0.<\/li>\n<li aria-level=\"1\">C\u00f3mo conectar los datos con la acci\u00f3n: del an\u00e1lisis a la ejecuci\u00f3n.<\/li>\n<li aria-level=\"1\">Ejercicios pr\u00e1cticos: dise\u00f1o de objetivos y simulaci\u00f3n con IA.<\/li>\n<\/ul>\n<p>[\/vc_column_text][\/vc_tta_section][vc_tta_section title=\u00bbM\u00f3dulo 6. Plan de acci\u00f3n estrat\u00e9gico (2 horas)\u00bb tab_id=\u00bb1764887038320-c5bb26f2-14cc\u00bb][vc_column_text]<\/p>\n<ul>\n<li aria-level=\"1\">Elaboraci\u00f3n de un plan de implementaci\u00f3n de OKRs y KPIs.<\/li>\n<li aria-level=\"1\">Dise\u00f1o de tablero de seguimiento con herramientas digitales.<\/li>\n<li aria-level=\"1\">Compromisos personales y plan de continuidad.<\/li>\n<\/ul>\n<p>[\/vc_column_text][\/vc_tta_section][\/vc_tta_accordion][\/vc_column][\/vc_row][vc_row][vc_column width=\u00bb1\/2&#8243;][vc_column_text]<\/p>\n<p style=\"font-size: 20px;\"><strong style=\"color: #0071ce;\">Socio Coparmex:<\/strong><\/p>\n<p>solicita tu c\u00f3digo promocional y obt\u00e9n <strong style=\"color: #96bd13;\">un descuento adicional <\/strong> en todos los cursos.<\/p>\n<p>[\/vc_column_text][\/vc_column][vc_column width=\u00bb1\/2&#8243;][vc_tta_accordion style=\u00bbmodern\u00bb c_icon=\u00bbtriangle\u00bb active_section=\u00bb0&#8243; no_fill=\u00bbtrue\u00bb collapsible_all=\u00bbtrue\u00bb][vc_tta_section title=\u00bbQuiero que me contacte un asesor\u00bb tab_id=\u00bb1592500042006-800fdc9e-0f56&#8243;][dhvc_form id=\u00bb19061&#8243;][\/vc_tta_section][\/vc_tta_accordion][\/vc_column][\/vc_row]<\/p>\n","protected":false},"excerpt":{"rendered":"<p>[vc_row][vc_column][vc_column_text]Fortalece las competencias directivas y anal\u00edticas de los participantes para definir, medir y alcanzar objetivos estrat\u00e9gicos mediante la aplicaci\u00f3n pr\u00e1ctica de OKRs (Objectives and Key Results), KPIs (Key Performance Indicators) y herramientas de inteligencia artificial, impulsando una cultura de resultados, innovaci\u00f3n y mejora continua. \u00bfPara qui\u00e9n es este curso? gerentes, coordinadores y l\u00edderes de \u00e1rea &hellip; <\/p>\n","protected":false},"author":1,"featured_media":18480,"comment_status":"closed","ping_status":"closed","template":"","tags":[],"mec_category":[898],"mec_speaker":[],"class_list":["post-24693","mec-events","type-mec-events","status-publish","has-post-thumbnail","hentry","mec_category-academia-de-administracion"],"_links":{"self":[{"href":"https:\/\/coparmexjal.org.mx\/cpx\/wp-json\/wp\/v2\/mec-events\/24693","targetHints":{"allow":["GET"]}}],"collection":[{"href":"https:\/\/coparmexjal.org.mx\/cpx\/wp-json\/wp\/v2\/mec-events"}],"about":[{"href":"https:\/\/coparmexjal.org.mx\/cpx\/wp-json\/wp\/v2\/types\/mec-events"}],"author":[{"embeddable":true,"href":"https:\/\/coparmexjal.org.mx\/cpx\/wp-json\/wp\/v2\/users\/1"}],"replies":[{"embeddable":true,"href":"https:\/\/coparmexjal.org.mx\/cpx\/wp-json\/wp\/v2\/comments?post=24693"}],"wp:featuredmedia":[{"embeddable":true,"href":"https:\/\/coparmexjal.org.mx\/cpx\/wp-json\/wp\/v2\/media\/18480"}],"wp:attachment":[{"href":"https:\/\/coparmexjal.org.mx\/cpx\/wp-json\/wp\/v2\/media?parent=24693"}],"wp:term":[{"taxonomy":"post_tag","embeddable":true,"href":"https:\/\/coparmexjal.org.mx\/cpx\/wp-json\/wp\/v2\/tags?post=24693"},{"taxonomy":"mec_category","embeddable":true,"href":"https:\/\/coparmexjal.org.mx\/cpx\/wp-json\/wp\/v2\/mec_category?post=24693"},{"taxonomy":"mec_speaker","embeddable":true,"href":"https:\/\/coparmexjal.org.mx\/cpx\/wp-json\/wp\/v2\/mec_speaker?post=24693"}],"curies":[{"name":"wp","href":"https:\/\/api.w.org\/{rel}","templated":true}]}}