{"id":23986,"date":"2025-02-02T14:27:18","date_gmt":"2025-02-02T20:27:18","guid":{"rendered":"https:\/\/coparmexjal.org.mx\/cpx\/?post_type=mec-events&#038;p=23986"},"modified":"2025-02-02T14:27:18","modified_gmt":"2025-02-02T20:27:18","slug":"inspeccion-seguridad","status":"publish","type":"mec-events","link":"https:\/\/coparmexjal.org.mx\/cpx\/cursos\/inspeccion-seguridad\/","title":{"rendered":"C\u00f3mo atender una Inspecci\u00f3n de Seguridad e Higiene"},"content":{"rendered":"<p>[vc_row][vc_column][vc_column_text]Preparate para una inspecci\u00f3n, maneja la relaci\u00f3n con los inspectores, y cumple con las medidas de seguridad e higiene necesarias para asegurar un entorno laboral seguro.<\/p>\n<p style=\"text-align: justify;\"><strong>\u00bfPara qui\u00e9n es este curso?<\/strong><\/p>\n<p>Responsables de seguridad y salud laboral, gerentes de recursos humanos, supervisores de producci\u00f3n, encargados de seguridad e higiene, y cualquier persona involucrada en la gesti\u00f3n de las condiciones laborales y la prevenci\u00f3n de riesgos en una empresa<\/p>\n<p>[\/vc_column_text][\/vc_column][\/vc_row][vc_row css=\u00bb.vc_custom_1644542146667{background-color: #f9f9f9 !important;}\u00bb][vc_column][vc_row_inner][vc_column_inner width=\u00bb1\/3&#8243;][vc_column_text]<b><span style=\"color: #339966;\">Fechas:<\/span><br \/>\n<\/b>17, 24 de septiembre;1 y 8 de octubre 2025<br \/>\n<b style=\"color: #339966;\">Duraci\u00f3n:<br \/>\n<\/b>12 horas<br \/>\n<b style=\"color: #339966;\">Horario:<br \/>\n<\/b>9:00 a 12:00 hrs[\/vc_column_text][\/vc_column_inner][vc_column_inner width=\u00bb1\/3&#8243;][vc_column_text]<b><span style=\"color: #339966;\">Nivel de conocimiento:<\/span><br \/>\n<\/b>Conocimiento b\u00e1sico de las normativas de seguridad e higiene laboral.[\/vc_column_text][\/vc_column_inner][vc_column_inner width=\u00bb1\/3&#8243;][vc_column_text]<b><span style=\"color: #339966;\">Habilidades del participante:<\/span><br \/>\n<\/b><\/p>\n<ul>\n<li aria-level=\"1\">Habilidad para comunicar de manera efectiva con autoridades externas (inspectores).<\/li>\n<li aria-level=\"1\">Capacidad de organizaci\u00f3n y gesti\u00f3n de documentos y registros de seguridad.<\/li>\n<\/ul>\n<p><b style=\"color: #339966;\">Requerimientos:<\/b><\/p>\n<ul>\n<li><b style=\"color: #339966;\"><\/b>Experiencia o conocimiento en la gesti\u00f3n de seguridad en el entorno laboral.<\/li>\n<\/ul>\n<p>[\/vc_column_text][\/vc_column_inner][\/vc_row_inner][vc_row_inner][vc_column_inner width=\u00bb1\/2&#8243;][vc_column_text]<b><span style=\"color: #339966;\">Obtienes:<\/span><br \/>\n<\/b>Diploma, curso pr\u00e1ctico y constancia DC-3[\/vc_column_text][\/vc_column_inner][vc_column_inner width=\u00bb1\/2&#8243;][vc_column_text]<b><span style=\"color: #339966;\">Aprender\u00e1s a:<\/span><br \/>\n<\/b><\/p>\n<ul>\n<li aria-level=\"1\">Comprender el proceso de una inspecci\u00f3n de seguridad e higiene y las expectativas de los inspectores.<\/li>\n<li aria-level=\"1\">Prepararse adecuadamente para recibir una inspecci\u00f3n, asegurando el cumplimiento de las normativas.<\/li>\n<li aria-level=\"1\">Gestionar la relaci\u00f3n con los inspectores y responder a sus observaciones de manera adecuada y profesional.<\/li>\n<\/ul>\n<p>[\/vc_column_text][\/vc_column_inner][\/vc_row_inner][\/vc_column][\/vc_row][vc_row][vc_column][vc_tta_accordion style=\u00bbmodern\u00bb active_section=\u00bb1&#8243; no_fill=\u00bbtrue\u00bb collapsible_all=\u00bbtrue\u00bb title=\u00bbTemario\u00bb][vc_tta_section title=\u00bbM\u00f3dulo I Fundamentos de la Seguridad e Higiene\u00bb tab_id=\u00bb1572040042016-5cce572d-ba10&#8243;][\/vc_tta_section][vc_tta_section title=\u00bbM\u00f3dulo 2: Preparaci\u00f3n para una Inspecci\u00f3n de Seguridad e Higiene\u00bb tab_id=\u00bb1652977524633-abdb3e62-edeb\u00bb][\/vc_tta_section][vc_tta_section title=\u00bbM\u00f3dulo 3: Manejo de la Inspecci\u00f3n de Seguridad e Higiene\u00bb tab_id=\u00bb1652977536900-29e8a3ea-caf1&#8243;][\/vc_tta_section][vc_tta_section title=\u00bbM\u00f3dulo 4: Implementaci\u00f3n de Mejores Pr\u00e1cticas y Seguimiento \u00bb tab_id=\u00bb1652977544456-893e2809-1a56&#8243;][\/vc_tta_section][\/vc_tta_accordion][\/vc_column][\/vc_row][vc_row][vc_column width=\u00bb1\/2&#8243;][vc_column_text]<\/p>\n<p style=\"font-size: 20px;\"><strong style=\"color: #0071ce;\">Socio Coparmex:<\/strong><\/p>\n<p>solicita tu c\u00f3digo promocional y obt\u00e9n <strong style=\"color: #96bd13;\">un descuento adicional <\/strong> en todos los cursos.<\/p>\n<p>[\/vc_column_text][\/vc_column][vc_column width=\u00bb1\/2&#8243;][vc_tta_accordion style=\u00bbmodern\u00bb c_icon=\u00bbtriangle\u00bb active_section=\u00bb0&#8243; no_fill=\u00bbtrue\u00bb collapsible_all=\u00bbtrue\u00bb][vc_tta_section title=\u00bbQuiero que me contacte un asesor\u00bb tab_id=\u00bb1592500042006-800fdc9e-0f56&#8243;][dhvc_form id=\u00bb19061&#8243;][\/vc_tta_section][\/vc_tta_accordion][\/vc_column][\/vc_row]<\/p>\n","protected":false},"excerpt":{"rendered":"<p>[vc_row][vc_column][vc_column_text]Preparate para una inspecci\u00f3n, maneja la relaci\u00f3n con los inspectores, y cumple con las medidas de seguridad e higiene necesarias para asegurar un entorno laboral seguro. \u00bfPara qui\u00e9n es este curso? Responsables de seguridad y salud laboral, gerentes de recursos humanos, supervisores de producci\u00f3n, encargados de seguridad e higiene, y cualquier persona involucrada en la &hellip; <\/p>\n","protected":false},"author":1,"featured_media":18470,"comment_status":"closed","ping_status":"closed","template":"","tags":[],"mec_category":[865],"mec_speaker":[],"class_list":["post-23986","mec-events","type-mec-events","status-publish","has-post-thumbnail","hentry","mec_category-seguridad-medioambiente"],"_links":{"self":[{"href":"https:\/\/coparmexjal.org.mx\/cpx\/wp-json\/wp\/v2\/mec-events\/23986","targetHints":{"allow":["GET"]}}],"collection":[{"href":"https:\/\/coparmexjal.org.mx\/cpx\/wp-json\/wp\/v2\/mec-events"}],"about":[{"href":"https:\/\/coparmexjal.org.mx\/cpx\/wp-json\/wp\/v2\/types\/mec-events"}],"author":[{"embeddable":true,"href":"https:\/\/coparmexjal.org.mx\/cpx\/wp-json\/wp\/v2\/users\/1"}],"replies":[{"embeddable":true,"href":"https:\/\/coparmexjal.org.mx\/cpx\/wp-json\/wp\/v2\/comments?post=23986"}],"wp:featuredmedia":[{"embeddable":true,"href":"https:\/\/coparmexjal.org.mx\/cpx\/wp-json\/wp\/v2\/media\/18470"}],"wp:attachment":[{"href":"https:\/\/coparmexjal.org.mx\/cpx\/wp-json\/wp\/v2\/media?parent=23986"}],"wp:term":[{"taxonomy":"post_tag","embeddable":true,"href":"https:\/\/coparmexjal.org.mx\/cpx\/wp-json\/wp\/v2\/tags?post=23986"},{"taxonomy":"mec_category","embeddable":true,"href":"https:\/\/coparmexjal.org.mx\/cpx\/wp-json\/wp\/v2\/mec_category?post=23986"},{"taxonomy":"mec_speaker","embeddable":true,"href":"https:\/\/coparmexjal.org.mx\/cpx\/wp-json\/wp\/v2\/mec_speaker?post=23986"}],"curies":[{"name":"wp","href":"https:\/\/api.w.org\/{rel}","templated":true}]}}