{"id":22792,"date":"2023-11-10T08:47:02","date_gmt":"2023-11-10T14:47:02","guid":{"rendered":"https:\/\/coparmexjal.org.mx\/cpx\/?post_type=mec-events&#038;p=22792"},"modified":"2026-02-16T19:41:33","modified_gmt":"2026-02-17T01:41:33","slug":"empoderamiento-mujeres","status":"publish","type":"mec-events","link":"https:\/\/coparmexjal.org.mx\/cpx\/cursos\/empoderamiento-mujeres\/","title":{"rendered":"Empoderamiento y equilibrio para mujeres l\u00edderes"},"content":{"rendered":"<p>[vc_row][vc_column][vc_column_text]El Diplomado en Liderazgo y Desarrollo Profesional para Mujeres tiene como objetivo despertar el inter\u00e9s en las mujeres para consolidar su participaci\u00f3n como l\u00edderes en el \u00e1mbito laboral y empresarial. Este diplomado busca empoderar a las participantes, permiti\u00e9ndoles medir y reconocer su valiosa contribuci\u00f3n tanto a la econom\u00eda como a la sociedad, ya sea mediante el trabajo remunerado en empresas o emprendimientos propios, as\u00ed como en cada uno de sus roles sin remuneraci\u00f3n. Adem\u00e1s, se busca que las participantes pierdan el miedo a conciliar su vida laboral con la personal y familiar, promoviendo un equilibrio que les permita desarrollarse plenamente en todas las \u00e1reas de sus vidas.<\/p>\n<p style=\"text-align: justify;\"><strong>\u00bfPara qui\u00e9n es este curso?<\/strong><\/p>\n<ul>\n<li aria-level=\"1\">Empresarias y emprendedoras: Mujeres que lideran o tienen la intenci\u00f3n de emprender su propio negocio y deseen adquirir herramientas para el \u00e9xito empresarial.<\/li>\n<li aria-level=\"1\">Gerentes y directivas: L\u00edderes que ocupen cargos de alta responsabilidad en empresas y que deseen fortalecer sus habilidades de liderazgo y gesti\u00f3n.<\/li>\n<li aria-level=\"1\">Mujeres en transici\u00f3n profesional: Aquellas que est\u00e9n buscando nuevas oportunidades laborales y deseen potenciar sus habilidades para acceder a posiciones de liderazgo.<\/li>\n<li aria-level=\"1\"><\/li>\n<\/ul>\n<p>[\/vc_column_text][\/vc_column][\/vc_row][vc_row css=\u00bb.vc_custom_1644542146667{background-color: #f9f9f9 !important;}\u00bb][vc_column][vc_row_inner][vc_column_inner width=\u00bb1\/3&#8243;][vc_column_text]<b><span style=\"color: #339966;\">Fechas:<\/span><br \/>\n<\/b>Mayo 2026: 19, 23, 26, 30<br \/>\nJunio 2026: 2, 6, 9, 13, 16, 20<br \/>\n<b style=\"color: #339966;\">Duraci\u00f3n:<br \/>\n<\/b>40 horas<br \/>\n<b style=\"color: #339966;\">Horario:<br \/>\n<\/b>Martes de 16:00 a 20:00 hrs y s\u00e1bados de 9:00 a 13:00 hrs[\/vc_column_text][\/vc_column_inner][vc_column_inner width=\u00bb1\/3&#8243;][vc_column_text]<b><span style=\"color: #339966;\">Nivel de conocimiento:<\/span><br \/>\n<\/b><strong>B\u00e1sico<\/strong>[\/vc_column_text][\/vc_column_inner][vc_column_inner width=\u00bb1\/3&#8243;][vc_column_text]<b><span style=\"color: #339966;\">Beneficios del diplomado:<\/span><br \/>\n<\/b><\/p>\n<ul>\n<li aria-level=\"1\">Identifica\u00a0 y cambia tus creencias limitantes<\/li>\n<li aria-level=\"1\">Autoconocimiento del Lider<\/li>\n<li aria-level=\"1\">Entender la cultura para integrar pol\u00edticas en las Organizaciones que ayuden a m\u00e1s mujeres y a ti a lograr un equilibrio entre lo profesional y personal<\/li>\n<li aria-level=\"1\">La asertividad como una herramienta para la comunicaci\u00f3n y negociaci\u00f3n<\/li>\n<li aria-level=\"1\">La mujeres tenemos una gran capacidad de integrar equipos e identificar fortalezas en los integrantes hagamos de esto una de nuestras herramientas profesionales<\/li>\n<\/ul>\n<p>&nbsp;<\/p>\n<p>[\/vc_column_text][\/vc_column_inner][\/vc_row_inner][vc_row_inner][vc_column_inner width=\u00bb1\/2&#8243;][vc_column_text]<b><span style=\"color: #339966;\">Obtienes:<\/span><br \/>\n<\/b>Diploma, curso pr\u00e1ctico y constancia DC-3[\/vc_column_text][\/vc_column_inner][vc_column_inner width=\u00bb1\/2&#8243;][vc_column_text]<b><span style=\"color: #339966;\">Aprender\u00e1s:<\/span><br \/>\n<\/b><\/p>\n<ul>\n<li aria-level=\"1\">Desarrollar un equilibrio en tu vida profesional y personal<\/li>\n<li aria-level=\"1\">Reconocer tu grandeza profesional y empresarial<\/li>\n<li aria-level=\"1\">Vender con apoyo de tu discurso<\/li>\n<li aria-level=\"1\">Manejar la red de Linkedin y sacar el mayor provecho de esta red<\/li>\n<\/ul>\n<p>[\/vc_column_text][\/vc_column_inner][\/vc_row_inner][\/vc_column][\/vc_row][vc_row][vc_column][vc_tta_accordion style=\u00bbmodern\u00bb active_section=\u00bb1&#8243; no_fill=\u00bbtrue\u00bb collapsible_all=\u00bbtrue\u00bb title=\u00bbTemario\u00bb][vc_tta_section title=\u00bbM\u00f3dulo I. Reseteando mis creencias y paradigmas\u00bb tab_id=\u00bb1572040042016-5cce572d-ba10&#8243;][vc_column_text]<\/p>\n<ol>\n<li>\u00bfCuando las creencias se convierten en limitantes?<\/li>\n<li>\u00bfCu\u00e1les son tus verdaderas limitantes?<\/li>\n<li>\u00bfPor cu\u00e1nto tiempo te han acompa\u00f1ado?<\/li>\n<li>\u00bfC\u00f3mo desmontar estas creencias?<\/li>\n<\/ol>\n<p>[\/vc_column_text][\/vc_tta_section][vc_tta_section title=\u00bbM\u00f3dulo II. Autoliderazgo consciente\u00bb tab_id=\u00bb1652977524633-abdb3e62-edeb\u00bb][vc_column_text]<\/p>\n<ol>\n<li>Una mirada a mi interior.<\/li>\n<li>\u00bfEres consciente?<\/li>\n<li>\u00a1Conoci\u00e9ndome!<\/li>\n<li>\u00a1Lider\u00e1ndome para liderar!<\/li>\n<\/ol>\n<p>[\/vc_column_text][\/vc_tta_section][vc_tta_section title=\u00bbM\u00f3dulo III. Equilibrando mi vida y recuperando mi poder personal\u00bb tab_id=\u00bb1652977536900-29e8a3ea-caf1&#8243;][vc_column_text]<\/p>\n<ol>\n<li>Techos de cristal\/suelos pegajosos<\/li>\n<li>Recuperando mi poder personal<\/li>\n<li>Equilibrio entre vida personal y profesional<\/li>\n<li>Toma el control de tu vida.<\/li>\n<li>Cree en ti mismo y val\u00f3rate<\/li>\n<li>\u00bfSabes lo que quieres?<\/li>\n<\/ol>\n<p>[\/vc_column_text][\/vc_tta_section][vc_tta_section title=\u00bbM\u00f3dulo IV. Liderazgo creativo\u00bb tab_id=\u00bb1652977544456-893e2809-1a56&#8243;][vc_column_text]<\/p>\n<ol>\n<li>Que es la creatividad<\/li>\n<li>Innovaci\u00f3n<\/li>\n<li>Herramientas creativas<\/li>\n<li>Ser creativo en equipo o en lo individual?<\/li>\n<\/ol>\n<p>[\/vc_column_text][\/vc_tta_section][vc_tta_section title=\u00bbM\u00f3dulo V. Comunicaci\u00f3n y negociaci\u00f3n\u00bb tab_id=\u00bb1652977552928-f00e3604-690e\u00bb][vc_column_text]<\/p>\n<ol>\n<li>Comunicaci\u00f3n asertiva<\/li>\n<li>Escucha Activa<\/li>\n<li>Negociaci\u00f3n estilo Harvard<\/li>\n<li>Entendiendo intereses y posiciones<\/li>\n<li>Generando acuerdos.<\/li>\n<\/ol>\n<p>[\/vc_column_text][\/vc_tta_section][vc_tta_section title=\u00bbM\u00f3dulo VI. procesos (alineados al factor WOW)\u00bb tab_id=\u00bb1652977559935-75722b0c-d411&#8243;][vc_column_text]<\/p>\n<ol>\n<li>Como aplicar el factor WOW en tu estrategia<\/li>\n<li>Identifica los momentos de impacto para el cliente en tu proceso<\/li>\n<li>Ya tienes tu proceso, resuelve algo importante.<\/li>\n<\/ol>\n<p>[\/vc_column_text][\/vc_tta_section][vc_tta_section title=\u00bbM\u00f3dulo VII. Logro de metas y estrategias\u00bb tab_id=\u00bb1652977575154-bf785447-72ae\u00bb][vc_column_text]<\/p>\n<ol>\n<li>Metas SMART<\/li>\n<li>C\u00f3mo establecer metas<\/li>\n<li>Logros.<\/li>\n<\/ol>\n<p>[\/vc_column_text][\/vc_tta_section][vc_tta_section title=\u00bbM\u00f3dulo VIII. Imagen del \u00e9xito\u00bb tab_id=\u00bb1699627339432-99942ef0-0628&#8243;][vc_column_text]<\/p>\n<ol>\n<li>Si\u00e9ntete c\u00f3moda- Amate<\/li>\n<li>Define tu estilo \u00fanico<\/li>\n<li>Combinaciones<\/li>\n<li>Guardarropa seg\u00fan tus proporciones<\/li>\n<li>Cl\u00f3set Inteligente.<\/li>\n<\/ol>\n<p>[\/vc_column_text][\/vc_tta_section][vc_tta_section title=\u00bbM\u00f3dulos complementarios\u00bb tab_id=\u00bb1699627381385-56bb37a6-ee45&#8243;][vc_column_text]<\/p>\n<ul>\n<li>Plan de vida\/finanzas personales<\/li>\n<li>Pitch de negocios<\/li>\n<li>Trabajo en equipo<\/li>\n<li>Administraci\u00f3n profesional de redes \/linkedin<\/li>\n<li>Networking, alianzas y sororidad: Evento de cierre donde las participantes podr\u00e1n convivir en un ambiente de sororidad que permita realizar alianzas y negocios entre sus compa\u00f1eras.<\/li>\n<\/ul>\n<p>[\/vc_column_text][\/vc_tta_section][\/vc_tta_accordion][\/vc_column][\/vc_row][vc_row][vc_column width=\u00bb1\/2&#8243;][vc_column_text]<\/p>\n<p style=\"font-size: 20px;\"><strong style=\"color: #0071ce;\">Socio Coparmex:<\/strong><\/p>\n<p>solicita tu c\u00f3digo promocional y obt\u00e9n <strong style=\"color: #96bd13;\">un descuento adicional <\/strong> en todos los cursos.<\/p>\n<p>[\/vc_column_text][\/vc_column][vc_column width=\u00bb1\/2&#8243;][vc_tta_accordion style=\u00bbmodern\u00bb c_icon=\u00bbtriangle\u00bb active_section=\u00bb0&#8243; no_fill=\u00bbtrue\u00bb collapsible_all=\u00bbtrue\u00bb][vc_tta_section title=\u00bbQuiero que me contacte un asesor\u00bb tab_id=\u00bb1592500042006-800fdc9e-0f56&#8243;][dhvc_form id=\u00bb19061&#8243;][\/vc_tta_section][\/vc_tta_accordion][\/vc_column][\/vc_row]<\/p>\n","protected":false},"excerpt":{"rendered":"<p>[vc_row][vc_column][vc_column_text]El Diplomado en Liderazgo y Desarrollo Profesional para Mujeres tiene como objetivo despertar el inter\u00e9s en las mujeres para consolidar su participaci\u00f3n como l\u00edderes en el \u00e1mbito laboral y empresarial. Este diplomado busca empoderar a las participantes, permiti\u00e9ndoles medir y reconocer su valiosa contribuci\u00f3n tanto a la econom\u00eda como a la sociedad, ya sea mediante &hellip; <\/p>\n","protected":false},"author":1,"featured_media":18989,"comment_status":"closed","ping_status":"closed","template":"","tags":[],"mec_category":[972],"mec_speaker":[993],"class_list":["post-22792","mec-events","type-mec-events","status-publish","has-post-thumbnail","hentry","mec_category-desarrollo-humano"],"_links":{"self":[{"href":"https:\/\/coparmexjal.org.mx\/cpx\/wp-json\/wp\/v2\/mec-events\/22792","targetHints":{"allow":["GET"]}}],"collection":[{"href":"https:\/\/coparmexjal.org.mx\/cpx\/wp-json\/wp\/v2\/mec-events"}],"about":[{"href":"https:\/\/coparmexjal.org.mx\/cpx\/wp-json\/wp\/v2\/types\/mec-events"}],"author":[{"embeddable":true,"href":"https:\/\/coparmexjal.org.mx\/cpx\/wp-json\/wp\/v2\/users\/1"}],"replies":[{"embeddable":true,"href":"https:\/\/coparmexjal.org.mx\/cpx\/wp-json\/wp\/v2\/comments?post=22792"}],"wp:featuredmedia":[{"embeddable":true,"href":"https:\/\/coparmexjal.org.mx\/cpx\/wp-json\/wp\/v2\/media\/18989"}],"wp:attachment":[{"href":"https:\/\/coparmexjal.org.mx\/cpx\/wp-json\/wp\/v2\/media?parent=22792"}],"wp:term":[{"taxonomy":"post_tag","embeddable":true,"href":"https:\/\/coparmexjal.org.mx\/cpx\/wp-json\/wp\/v2\/tags?post=22792"},{"taxonomy":"mec_category","embeddable":true,"href":"https:\/\/coparmexjal.org.mx\/cpx\/wp-json\/wp\/v2\/mec_category?post=22792"},{"taxonomy":"mec_speaker","embeddable":true,"href":"https:\/\/coparmexjal.org.mx\/cpx\/wp-json\/wp\/v2\/mec_speaker?post=22792"}],"curies":[{"name":"wp","href":"https:\/\/api.w.org\/{rel}","templated":true}]}}