{"id":22789,"date":"2023-11-10T08:18:26","date_gmt":"2023-11-10T14:18:26","guid":{"rendered":"https:\/\/coparmexjal.org.mx\/cpx\/?post_type=mec-events&#038;p=22789"},"modified":"2023-11-10T08:18:26","modified_gmt":"2023-11-10T14:18:26","slug":"administracion-efectiva-tiempo-2","status":"publish","type":"mec-events","link":"https:\/\/coparmexjal.org.mx\/cpx\/cursos\/administracion-efectiva-tiempo-2\/","title":{"rendered":"Administraci\u00f3n efectiva del tiempo y planeaci\u00f3n"},"content":{"rendered":"<p>[vc_row][vc_column][vc_column_text]Conoce las herramientas y aprende t\u00e9cnicas que te ayuden a ser m\u00e1s efectiva o efectivo en la administraci\u00f3n de tu tiempo personal y laboral con el fin de incrementar tus resultados a trav\u00e9s de una mejor toma de decisiones, optimizaci\u00f3n de tu agenda y alineaci\u00f3n de tus prioridades.<b>\u00a0<\/b><\/p>\n<p style=\"text-align: justify;\"><strong>\u00bfPara qui\u00e9n es este curso?<br \/>\n<\/strong>Cualquier persona dentro de la organizaci\u00f3n que requiera incrementar sus resultados personales pero que sienta que el tiempo no es el suficiente para lograrlo.<\/p>\n<p>&nbsp;<\/p>\n<p>[\/vc_column_text][\/vc_column][\/vc_row][vc_row css=\u00bb.vc_custom_1644542146667{background-color: #f9f9f9 !important;}\u00bb][vc_column][vc_row_inner][vc_column_inner width=\u00bb1\/3&#8243;][vc_column_text]<b><span style=\"color: #339966;\">Fechas:<\/span><br \/>\n<\/b><span data-sheets-value=\"{&quot;1&quot;:2,&quot;2&quot;:&quot;9, 16, 23 y 30 de octubre 2024&quot;}\" data-sheets-userformat=\"{&quot;2&quot;:829,&quot;3&quot;:{&quot;1&quot;:0},&quot;5&quot;:{&quot;1&quot;:[{&quot;1&quot;:2,&quot;2&quot;:0,&quot;5&quot;:{&quot;1&quot;:2,&quot;2&quot;:0}},{&quot;1&quot;:0,&quot;2&quot;:0,&quot;3&quot;:3},{&quot;1&quot;:1,&quot;2&quot;:0,&quot;4&quot;:1}]},&quot;6&quot;:{&quot;1&quot;:[{&quot;1&quot;:2,&quot;2&quot;:0,&quot;5&quot;:{&quot;1&quot;:2,&quot;2&quot;:0}},{&quot;1&quot;:0,&quot;2&quot;:0,&quot;3&quot;:3},{&quot;1&quot;:1,&quot;2&quot;:0,&quot;4&quot;:1}]},&quot;7&quot;:{&quot;1&quot;:[{&quot;1&quot;:2,&quot;2&quot;:0,&quot;5&quot;:{&quot;1&quot;:2,&quot;2&quot;:0}},{&quot;1&quot;:0,&quot;2&quot;:0,&quot;3&quot;:3},{&quot;1&quot;:1,&quot;2&quot;:0,&quot;4&quot;:1}]},&quot;8&quot;:{&quot;1&quot;:[{&quot;1&quot;:2,&quot;2&quot;:0,&quot;5&quot;:{&quot;1&quot;:2,&quot;2&quot;:0}},{&quot;1&quot;:0,&quot;2&quot;:0,&quot;3&quot;:3},{&quot;1&quot;:1,&quot;2&quot;:0,&quot;4&quot;:1}]},&quot;11&quot;:4,&quot;12&quot;:0}\">9, 16, 23 y 30 de octubre 2024<\/span><br \/>\n<b style=\"color: #339966;\">Duraci\u00f3n:<br \/>\n<\/b>15 horas<br \/>\n<b style=\"color: #339966;\">Horario:<br \/>\n<\/b><span data-sheets-value=\"{&quot;1&quot;:2,&quot;2&quot;:&quot;Mi\u00e9rcoles&quot;}\" data-sheets-userformat=\"{&quot;2&quot;:829,&quot;3&quot;:{&quot;1&quot;:0},&quot;5&quot;:{&quot;1&quot;:[{&quot;1&quot;:2,&quot;2&quot;:0,&quot;5&quot;:{&quot;1&quot;:2,&quot;2&quot;:0}},{&quot;1&quot;:0,&quot;2&quot;:0,&quot;3&quot;:3},{&quot;1&quot;:1,&quot;2&quot;:0,&quot;4&quot;:1}]},&quot;6&quot;:{&quot;1&quot;:[{&quot;1&quot;:2,&quot;2&quot;:0,&quot;5&quot;:{&quot;1&quot;:2,&quot;2&quot;:0}},{&quot;1&quot;:0,&quot;2&quot;:0,&quot;3&quot;:3},{&quot;1&quot;:1,&quot;2&quot;:0,&quot;4&quot;:1}]},&quot;7&quot;:{&quot;1&quot;:[{&quot;1&quot;:2,&quot;2&quot;:0,&quot;5&quot;:{&quot;1&quot;:2,&quot;2&quot;:0}},{&quot;1&quot;:0,&quot;2&quot;:0,&quot;3&quot;:3},{&quot;1&quot;:1,&quot;2&quot;:0,&quot;4&quot;:1}]},&quot;8&quot;:{&quot;1&quot;:[{&quot;1&quot;:2,&quot;2&quot;:0,&quot;5&quot;:{&quot;1&quot;:2,&quot;2&quot;:0}},{&quot;1&quot;:0,&quot;2&quot;:0,&quot;3&quot;:3},{&quot;1&quot;:1,&quot;2&quot;:0,&quot;4&quot;:1}]},&quot;11&quot;:4,&quot;12&quot;:0}\">Mi\u00e9rcoles<\/span> 16:00 a 19:00 horas[\/vc_column_text][\/vc_column_inner][vc_column_inner width=\u00bb1\/3&#8243;][vc_column_text]<b><span style=\"color: #339966;\">Nivel de conocimiento:<\/span><br \/>\n<\/b><strong>B\u00e1sico<\/strong>, este taller es m\u00e1s efectivo para mandos medios hacia arriba (Direcciones, gerencias, jefaturas, supervisiones).[\/vc_column_text][\/vc_column_inner][vc_column_inner width=\u00bb1\/3&#8243;][vc_column_text]<b><span style=\"color: #339966;\">Habilidades del participante:<\/span><br \/>\n<\/b>Dominio de plataformas digitales<\/p>\n<p><b style=\"color: #339966;\">Requerimientos:<br \/>\n<\/b>-Disposici\u00f3n para aprender<br \/>\n-Equipo para tomar la sesi\u00f3n<br \/>\n-Cuaderno y pluma para tomar apuntes[\/vc_column_text][\/vc_column_inner][\/vc_row_inner][vc_row_inner][vc_column_inner width=\u00bb1\/2&#8243;][vc_column_text]<b><span style=\"color: #339966;\">Obtienes:<\/span><br \/>\n<\/b>Diploma, curso pr\u00e1ctico y constancia DC-3[\/vc_column_text][\/vc_column_inner][vc_column_inner width=\u00bb1\/2&#8243;][vc_column_text]<b><span style=\"color: #339966;\">Aprender\u00e1s:<br \/>\n<\/span><\/b>-Organizar tu agenda de manera efectiva<br \/>\n-Planear asertivamente para incrementar la productividad<br \/>\n-Planear adecuadamente tus objetivos empresariales[\/vc_column_text][\/vc_column_inner][\/vc_row_inner][\/vc_column][\/vc_row][vc_row][vc_column][vc_tta_accordion style=\u00bbmodern\u00bb active_section=\u00bb1&#8243; no_fill=\u00bbtrue\u00bb collapsible_all=\u00bbtrue\u00bb title=\u00bbTemario\u00bb][vc_tta_section title=\u00bbDiagn\u00f3stico inicial\u00bb tab_id=\u00bb1572040042016-5cce572d-ba10&#8243;][\/vc_tta_section][vc_tta_section title=\u00bbParadigmas en la administraci\u00f3n del tiempo\u00bb tab_id=\u00bb1652490748676-4b911134-12e3&#8243;][vc_column_text]<\/p>\n<ol>\n<li aria-level=\"2\">La promesa de valor<\/li>\n<li aria-level=\"2\">\u00c9tica del car\u00e1cter vs \u00e9tica de la personalidad<\/li>\n<li aria-level=\"2\">Paradigmas al administrar el tiempo<\/li>\n<\/ol>\n<p>[\/vc_column_text][\/vc_tta_section][vc_tta_section title=\u00bbFundamentos de la administraci\u00f3n del tiempo\u00bb tab_id=\u00bb1652490756851-c2be9d0e-70ce\u00bb][\/vc_tta_section][vc_tta_section title=\u00bbPlaneaci\u00f3n personal\u00bb tab_id=\u00bb1652490765925-fa439daa-1497&#8243;][vc_column_text]<\/p>\n<ol>\n<li aria-level=\"2\">Productividad en la vida y en el trabajo<\/li>\n<li aria-level=\"2\">Los 6 niveles l\u00f3gicos de pensamiento<\/li>\n<li aria-level=\"2\">Efectividad personal, base para la administraci\u00f3n del tiempo\n<ol>\n<li aria-level=\"3\">Principio de responsabilidad<\/li>\n<li aria-level=\"3\">Visualizaci\u00f3n y establecimiento de metas<\/li>\n<li aria-level=\"3\">T\u00e9cnicas de priorizaci\u00f3n<\/li>\n<\/ol>\n<\/li>\n<li aria-level=\"2\">M\u00e9todos para el manejo efectivo del tiempo<\/li>\n<li aria-level=\"2\">Herramientas para un manejo de agenda efectivo<\/li>\n<\/ol>\n<p>[\/vc_column_text][\/vc_tta_section][vc_tta_section title=\u00bbPlaneaci\u00f3n en la empresa\u00bb tab_id=\u00bb1652490775274-892857f6-0949&#8243;][vc_column_text]<\/p>\n<ol>\n<li aria-level=\"2\">Horizontes de planeaci\u00f3n en la empresa y c\u00f3mo alinearlas\n<ol>\n<li aria-level=\"3\">Planeaci\u00f3n estrat\u00e9gica<\/li>\n<li aria-level=\"3\">Planeaci\u00f3n de ventas y operaciones<\/li>\n<li aria-level=\"3\">Planeaci\u00f3n maestra<\/li>\n<li aria-level=\"3\">Planeaci\u00f3n de suministro<\/li>\n<\/ol>\n<\/li>\n<li aria-level=\"2\">Evaluaci\u00f3n de la efectividad en la planeaci\u00f3n\n<ol>\n<li aria-level=\"3\">Indicadores estrat\u00e9gicos<\/li>\n<li aria-level=\"3\">Indicadores t\u00e1cticos<\/li>\n<li aria-level=\"3\">Indicadores operativos<\/li>\n<\/ol>\n<\/li>\n<li aria-level=\"2\">Manejo de juntas efectivas<\/li>\n<\/ol>\n<p>[\/vc_column_text][\/vc_tta_section][vc_tta_section title=\u00bbCorolario \u2013 Diagn\u00f3stico final\u00bb tab_id=\u00bb1668700126167-8c62dedf-1340&#8243;][\/vc_tta_section][\/vc_tta_accordion][\/vc_column][\/vc_row][vc_row][vc_column width=\u00bb1\/2&#8243;][vc_column_text]<\/p>\n<p style=\"font-size: 20px;\"><strong style=\"color: #0071ce;\">Socio Coparmex:<\/strong><\/p>\n<p>solicita tu c\u00f3digo promocional y obt\u00e9n <strong style=\"color: #96bd13;\">un descuento adicional <\/strong> en todos los cursos.<\/p>\n<p>[\/vc_column_text][\/vc_column][vc_column width=\u00bb1\/2&#8243;][vc_tta_accordion style=\u00bbmodern\u00bb c_icon=\u00bbtriangle\u00bb active_section=\u00bb0&#8243; no_fill=\u00bbtrue\u00bb collapsible_all=\u00bbtrue\u00bb][vc_tta_section title=\u00bbQuiero que me contacte un asesor\u00bb tab_id=\u00bb1592500042006-800fdc9e-0f56&#8243;][dhvc_form id=\u00bb19061&#8243;][\/vc_tta_section][\/vc_tta_accordion][\/vc_column][\/vc_row]<\/p>\n","protected":false},"excerpt":{"rendered":"<p>Logra un buen sistema del manejo del tiempo para ser m\u00e1s organizado, m\u00e1s productivo y eliminar los problemas de memoria y estr\u00e9s laboral.<\/p>\n","protected":false},"author":1,"featured_media":10240,"comment_status":"closed","ping_status":"closed","template":"","tags":[],"mec_category":[898],"mec_speaker":[931],"class_list":["post-22789","mec-events","type-mec-events","status-publish","has-post-thumbnail","hentry","mec_category-academia-de-administracion"],"_links":{"self":[{"href":"https:\/\/coparmexjal.org.mx\/cpx\/wp-json\/wp\/v2\/mec-events\/22789","targetHints":{"allow":["GET"]}}],"collection":[{"href":"https:\/\/coparmexjal.org.mx\/cpx\/wp-json\/wp\/v2\/mec-events"}],"about":[{"href":"https:\/\/coparmexjal.org.mx\/cpx\/wp-json\/wp\/v2\/types\/mec-events"}],"author":[{"embeddable":true,"href":"https:\/\/coparmexjal.org.mx\/cpx\/wp-json\/wp\/v2\/users\/1"}],"replies":[{"embeddable":true,"href":"https:\/\/coparmexjal.org.mx\/cpx\/wp-json\/wp\/v2\/comments?post=22789"}],"wp:featuredmedia":[{"embeddable":true,"href":"https:\/\/coparmexjal.org.mx\/cpx\/wp-json\/wp\/v2\/media\/10240"}],"wp:attachment":[{"href":"https:\/\/coparmexjal.org.mx\/cpx\/wp-json\/wp\/v2\/media?parent=22789"}],"wp:term":[{"taxonomy":"post_tag","embeddable":true,"href":"https:\/\/coparmexjal.org.mx\/cpx\/wp-json\/wp\/v2\/tags?post=22789"},{"taxonomy":"mec_category","embeddable":true,"href":"https:\/\/coparmexjal.org.mx\/cpx\/wp-json\/wp\/v2\/mec_category?post=22789"},{"taxonomy":"mec_speaker","embeddable":true,"href":"https:\/\/coparmexjal.org.mx\/cpx\/wp-json\/wp\/v2\/mec_speaker?post=22789"}],"curies":[{"name":"wp","href":"https:\/\/api.w.org\/{rel}","templated":true}]}}