{"id":22744,"date":"2023-10-30T17:45:27","date_gmt":"2023-10-30T23:45:27","guid":{"rendered":"https:\/\/coparmexjal.org.mx\/cpx\/?post_type=mec-events&#038;p=22744"},"modified":"2024-07-19T09:42:42","modified_gmt":"2024-07-19T15:42:42","slug":"taller-9s-de-calidad","status":"publish","type":"mec-events","link":"https:\/\/coparmexjal.org.mx\/cpx\/cursos\/taller-9s-de-calidad\/","title":{"rendered":"Taller 9`S de Calidad"},"content":{"rendered":"<p>[vc_row][vc_column][vc_column_text]Conoce y aplica las herramientas necesarias para lograr un mejor ambiente, para desarrollar actividades en el entorno que se encuentre y poder aplicarlas en la vida personal.<\/p>\n<p style=\"text-align: justify;\"><strong>\u00bfPara qui\u00e9n es este curso?<\/strong><\/p>\n<ul>\n<li aria-level=\"1\">Gerentes, jefes de \u00e1rea, supervisores, ejecutivos de control y calidad o\u00a0 cualquier persona interesada en el tema.<\/li>\n<\/ul>\n<p>[\/vc_column_text][\/vc_column][\/vc_row][vc_row css=\u00bb.vc_custom_1644542146667{background-color: #f9f9f9 !important;}\u00bb][vc_column][vc_row_inner][vc_column_inner width=\u00bb1\/3&#8243;][vc_column_text]<b><span style=\"color: #339966;\">Fechas:<\/span><br \/>\n<\/b>1, 8 y 15 de agosto<br \/>\n<b style=\"color: #339966;\">Duraci\u00f3n:<br \/>\n<\/b>12 horas<br \/>\n<b style=\"color: #339966;\">Horario:<br \/>\n<\/b>16:00 a 20:00 hrs.[\/vc_column_text][\/vc_column_inner][vc_column_inner width=\u00bb1\/3&#8243;][vc_column_text]<b><span style=\"color: #339966;\">Nivel de conocimiento:<\/span><br \/>\n<\/b><strong>B\u00e1sico<\/strong>, <b><\/b>este taller es m\u00e1s efectivo para mandos medios, jefaturas, supervisiones o tomadores de decisiones para la implementaci\u00f3n de un espacio de trabajo 9\u00b4s.<b><br \/>\n<\/b>[\/vc_column_text][\/vc_column_inner][vc_column_inner width=\u00bb1\/3&#8243;][vc_column_text]<b><span style=\"color: #339966;\">Habilidades del participante:<\/span><br \/>\n<\/b><\/p>\n<ul>\n<li aria-level=\"1\">Atenci\u00f3n al detalle<\/li>\n<li aria-level=\"1\">An\u00e1lisis<\/li>\n<li aria-level=\"1\">Dominio de computadora<\/li>\n<li aria-level=\"1\">Dominio de plataforma Zoom<\/li>\n<\/ul>\n<p><b style=\"color: #339966;\">Requerimientos:<br \/>\n<\/b><\/p>\n<ul>\n<li aria-level=\"1\">Disposici\u00f3n para aprender<\/li>\n<li aria-level=\"1\">Equipo de c\u00f3mputo para tomar la sesi\u00f3n<\/li>\n<li aria-level=\"1\">Cuaderno y pluma para tomar apuntes<\/li>\n<\/ul>\n<p>[\/vc_column_text][\/vc_column_inner][\/vc_row_inner][vc_row_inner][vc_column_inner width=\u00bb1\/2&#8243;][vc_column_text]<b><span style=\"color: #339966;\">Obtienes:<\/span><br \/>\n<\/b>Diploma, curso pr\u00e1ctico y constancia DC-3[\/vc_column_text][\/vc_column_inner][vc_column_inner width=\u00bb1\/2&#8243;][vc_column_text]<b><span style=\"color: #339966;\">Aprender\u00e1s:<\/span><br \/>\n<\/b><\/p>\n<ul>\n<li aria-level=\"1\">Qu\u00e9 son las 9 &#8216;s de calidad y su importancia en la gesti\u00f3n de la calidad en una organizaci\u00f3n.<\/li>\n<li aria-level=\"1\">Habilidades para implementar las 9 &#8216;s de calidad en una organizaci\u00f3n, desde la recopilaci\u00f3n de datos y la evaluaci\u00f3n de la satisfacci\u00f3n del cliente hasta la implementaci\u00f3n de mejoras basadas en los resultados.<\/li>\n<li aria-level=\"1\">Herramientas y t\u00e9cnicas espec\u00edficas para la recopilaci\u00f3n y el an\u00e1lisis de datos relacionados con la satisfacci\u00f3n del cliente y la calidad del producto o servicio.<\/li>\n<\/ul>\n<p>[\/vc_column_text][\/vc_column_inner][\/vc_row_inner][\/vc_column][\/vc_row][vc_row][vc_column][vc_tta_accordion style=\u00bbmodern\u00bb active_section=\u00bb1&#8243; no_fill=\u00bbtrue\u00bb collapsible_all=\u00bbtrue\u00bb title=\u00bbTemario\u00bb][vc_tta_section title=\u00bb\u00bfQu\u00e9 son las 9\u00b4s de calidad?\u00bb tab_id=\u00bb1572040042016-5cce572d-ba10&#8243;][vc_column_text]<\/p>\n<ul>\n<li aria-level=\"2\">C\u00f3mo implantar las 5 S.\n<ul>\n<li aria-level=\"3\">Seiri (ordenar o clasificar)<\/li>\n<li aria-level=\"3\">Seiton (organizar o limpiar)<\/li>\n<li aria-level=\"3\">Seiso (limpieza o pulcritud)<\/li>\n<li aria-level=\"3\">Seiketsu (bienestar personal o equilibrio)<\/li>\n<li aria-level=\"3\">Shitsuke (disciplina)<\/li>\n<\/ul>\n<\/li>\n<li aria-level=\"2\">De la 6 a la 9 S, c\u00f3mo aplicarlas:\n<ul>\n<li aria-level=\"3\">Shikari (constancia)<\/li>\n<li aria-level=\"3\">Shitsukoku (compromiso)<\/li>\n<li aria-level=\"3\">Seishoo (coordinaci\u00f3n)<\/li>\n<li aria-level=\"3\">Seido (estandarizaci\u00f3n)<\/li>\n<\/ul>\n<\/li>\n<\/ul>\n<p>[\/vc_column_text][\/vc_tta_section][vc_tta_section title=\u00bbParadigmas que imposibilitan la implantaci\u00f3n de estas herramientas.\u00bb tab_id=\u00bb1652977524633-abdb3e62-edeb\u00bb][\/vc_tta_section][vc_tta_section title=\u00bbAplicaci\u00f3n de las 9\u00b4s en una organizaci\u00f3n.\u00bb tab_id=\u00bb1652977536900-29e8a3ea-caf1&#8243;][\/vc_tta_section][\/vc_tta_accordion][\/vc_column][\/vc_row][vc_row][vc_column width=\u00bb1\/2&#8243;][vc_column_text]<\/p>\n<p style=\"font-size: 20px;\"><strong style=\"color: #0071ce;\">Socio Coparmex:<\/strong><\/p>\n<p>solicita tu c\u00f3digo promocional y obt\u00e9n <strong style=\"color: #96bd13;\">un descuento adicional <\/strong> en todos los cursos.<\/p>\n<p>[\/vc_column_text][\/vc_column][vc_column width=\u00bb1\/2&#8243;][vc_tta_accordion style=\u00bbmodern\u00bb c_icon=\u00bbtriangle\u00bb active_section=\u00bb0&#8243; no_fill=\u00bbtrue\u00bb collapsible_all=\u00bbtrue\u00bb][vc_tta_section title=\u00bbQuiero que me contacte un asesor\u00bb tab_id=\u00bb1592500042006-800fdc9e-0f56&#8243;][dhvc_form id=\u00bb19061&#8243;][\/vc_tta_section][\/vc_tta_accordion][\/vc_column][\/vc_row]<\/p>\n","protected":false},"excerpt":{"rendered":"<p>[vc_row][vc_column][vc_column_text]Conoce y aplica las herramientas necesarias para lograr un mejor ambiente, para desarrollar actividades en el entorno que se encuentre y poder aplicarlas en la vida personal. \u00bfPara qui\u00e9n es este curso? Gerentes, jefes de \u00e1rea, supervisores, ejecutivos de control y calidad o\u00a0 cualquier persona interesada en el tema. [\/vc_column_text][\/vc_column][\/vc_row][vc_row css=\u00bb.vc_custom_1644542146667{background-color: #f9f9f9 !important;}\u00bb][vc_column][vc_row_inner][vc_column_inner width=\u00bb1\/3&#8243;][vc_column_text]Fechas: 1, &hellip; <\/p>\n","protected":false},"author":1,"featured_media":19464,"comment_status":"closed","ping_status":"closed","template":"","tags":[],"mec_category":[898],"mec_speaker":[967],"class_list":["post-22744","mec-events","type-mec-events","status-publish","has-post-thumbnail","hentry","mec_category-academia-de-administracion"],"_links":{"self":[{"href":"https:\/\/coparmexjal.org.mx\/cpx\/wp-json\/wp\/v2\/mec-events\/22744","targetHints":{"allow":["GET"]}}],"collection":[{"href":"https:\/\/coparmexjal.org.mx\/cpx\/wp-json\/wp\/v2\/mec-events"}],"about":[{"href":"https:\/\/coparmexjal.org.mx\/cpx\/wp-json\/wp\/v2\/types\/mec-events"}],"author":[{"embeddable":true,"href":"https:\/\/coparmexjal.org.mx\/cpx\/wp-json\/wp\/v2\/users\/1"}],"replies":[{"embeddable":true,"href":"https:\/\/coparmexjal.org.mx\/cpx\/wp-json\/wp\/v2\/comments?post=22744"}],"wp:featuredmedia":[{"embeddable":true,"href":"https:\/\/coparmexjal.org.mx\/cpx\/wp-json\/wp\/v2\/media\/19464"}],"wp:attachment":[{"href":"https:\/\/coparmexjal.org.mx\/cpx\/wp-json\/wp\/v2\/media?parent=22744"}],"wp:term":[{"taxonomy":"post_tag","embeddable":true,"href":"https:\/\/coparmexjal.org.mx\/cpx\/wp-json\/wp\/v2\/tags?post=22744"},{"taxonomy":"mec_category","embeddable":true,"href":"https:\/\/coparmexjal.org.mx\/cpx\/wp-json\/wp\/v2\/mec_category?post=22744"},{"taxonomy":"mec_speaker","embeddable":true,"href":"https:\/\/coparmexjal.org.mx\/cpx\/wp-json\/wp\/v2\/mec_speaker?post=22744"}],"curies":[{"name":"wp","href":"https:\/\/api.w.org\/{rel}","templated":true}]}}