{"id":20284,"date":"2021-10-28T11:10:29","date_gmt":"2021-10-28T16:10:29","guid":{"rendered":"https:\/\/coparmexjal.org.mx\/cpx\/?post_type=mec-events&#038;p=20284"},"modified":"2026-03-02T08:31:45","modified_gmt":"2026-03-02T14:31:45","slug":"comunicacion-asertiva-2","status":"publish","type":"mec-events","link":"https:\/\/coparmexjal.org.mx\/cpx\/cursos\/comunicacion-asertiva-2\/","title":{"rendered":"Comunicaci\u00f3n Asertiva y Escucha Activa"},"content":{"rendered":"<p>[vc_row][vc_column][vc_column_text]<span style=\"font-weight: 400;\">Obt\u00e9n las habilidades necesarias para comunicarse de manera asertiva, expresar ideas con claridad, establecer l\u00edmites saludables, gestionar conflictos y construir relaciones colaborativas y respetuosas.<\/span><\/p>\n<p style=\"text-align: justify;\"><strong>\u00bfPara qui\u00e9n es este curso?<\/strong><\/p>\n<p><span style=\"font-weight: 400;\">Personas interesadas en mejorar sus relaciones interpersonales, su expresi\u00f3n verbal y no verbal, y su capacidad para comunicarse de forma respetuosa, clara y efectiva en cualquier entorno laboral o personal.<\/span>[\/vc_column_text][\/vc_column][\/vc_row][vc_row css=\u00bb.vc_custom_1644542146667{background-color: #f9f9f9 !important;}\u00bb][vc_column][vc_row_inner][vc_column_inner width=\u00bb1\/3&#8243;][vc_column_text]<b><span style=\"color: #339966;\">Fechas:<\/span><br \/>\n<\/b><span style=\"font-weight: 400;\">16, 23, 30 de octubre; 6 de noviembre 2026.<\/span><br \/>\n<b style=\"color: #339966;\">Duraci\u00f3n:<br \/>\n<\/b>12 horas.<br \/>\n<b style=\"color: #339966;\">Horario:<br \/>\n<\/b><span style=\"font-weight: 400;\">16:00 a 19:00 hrs.<\/span>[\/vc_column_text][\/vc_column_inner][vc_column_inner width=\u00bb1\/3&#8243;][vc_column_text]<b><span style=\"color: #339966;\">Nivel de conocimiento:<\/span><br \/>\n<\/b><b><span style=\"font-weight: 400;\">No, es necesario contar con un conocimiento previo del tema.<\/span><\/b>[\/vc_column_text][\/vc_column_inner][vc_column_inner width=\u00bb1\/3&#8243;][vc_column_text]<b><span style=\"color: #339966;\">Habilidades del participante:<\/span><br \/>\n<\/b><\/p>\n<ul>\n<li style=\"font-weight: 400;\" aria-level=\"1\"><span style=\"font-weight: 400;\">Facilidad de palabra\u00a0<\/span><\/li>\n<li style=\"font-weight: 400;\" aria-level=\"1\"><span style=\"font-weight: 400;\">Capacidad de an\u00e1lisis <\/span><\/li>\n<\/ul>\n<p><b style=\"color: #339966;\">Requerimientos:<br \/>\n<\/b><\/p>\n<ul>\n<li style=\"font-weight: 400;\" aria-level=\"1\"><span style=\"font-weight: 400;\">Disposici\u00f3n para aprender y practicar<\/span><\/li>\n<li style=\"font-weight: 400;\" aria-level=\"1\"><span style=\"font-weight: 400;\">Conexi\u00f3n estable a Internet<\/span><\/li>\n<li style=\"font-weight: 400;\" aria-level=\"1\"><span style=\"font-weight: 400;\">Participaci\u00f3n activa en din\u00e1micas<\/span><\/li>\n<\/ul>\n<p>[\/vc_column_text][\/vc_column_inner][\/vc_row_inner][vc_row_inner][vc_column_inner width=\u00bb1\/2&#8243;][vc_column_text]<b><span style=\"color: #339966;\">Obtienes:<\/span><br \/>\n<\/b>Diploma, curso pr\u00e1ctico y constancia DC-3[\/vc_column_text][\/vc_column_inner][vc_column_inner width=\u00bb1\/2&#8243;][vc_column_text]<b><span style=\"color: #339966;\">Aprender\u00e1s:<\/span><br \/>\n<\/b><\/p>\n<ul>\n<li style=\"font-weight: 400;\" aria-level=\"1\"><span style=\"font-weight: 400;\">Practicar habilidades de escucha activa para comprender mejor las necesidades y preocupaciones de los dem\u00e1s.<\/span><\/li>\n<li style=\"font-weight: 400;\" aria-level=\"1\"><span style=\"font-weight: 400;\">Conocer y entender la diferencia entre asertividad, pasividad y agresividad.<\/span><\/li>\n<li style=\"font-weight: 400;\" aria-level=\"1\"><span style=\"font-weight: 400;\">Mejorar la capacidad para entender las emociones y perspectivas de los dem\u00e1s.<\/span><\/li>\n<\/ul>\n<p>[\/vc_column_text][\/vc_column_inner][\/vc_row_inner][\/vc_column][\/vc_row][vc_row][vc_column][vc_tta_accordion style=\u00bbmodern\u00bb active_section=\u00bb1&#8243; no_fill=\u00bbtrue\u00bb collapsible_all=\u00bbtrue\u00bb title=\u00bbTemario\u00bb][vc_tta_section title=\u00bbM\u00f3dulo 1. Fundamentos de la Comunicaci\u00f3n Asertiva\u00bb tab_id=\u00bb1572040042016-5cce572d-ba10&#8243;][vc_column_text]<\/p>\n<ul>\n<li style=\"font-weight: 400;\" aria-level=\"1\"><span style=\"font-weight: 400;\">\u00bfQu\u00e9 es la asertividad y por qu\u00e9 es una habilidad clave?<\/span><\/li>\n<li style=\"font-weight: 400;\" aria-level=\"1\"><span style=\"font-weight: 400;\">Diferencias entre comunicaci\u00f3n pasiva, agresiva y asertiva.<\/span><\/li>\n<li style=\"font-weight: 400;\" aria-level=\"1\"><span style=\"font-weight: 400;\">Derechos asertivos y su aplicaci\u00f3n diaria.<\/span><\/li>\n<li style=\"font-weight: 400;\" aria-level=\"1\"><span style=\"font-weight: 400;\">Autopercepci\u00f3n: c\u00f3mo me comunico actualmente.<\/span><\/li>\n<li style=\"font-weight: 400;\" aria-level=\"1\"><span style=\"font-weight: 400;\">Ejercicio pr\u00e1ctico: evaluaci\u00f3n personal del estilo de comunicaci\u00f3n.<\/span><\/li>\n<\/ul>\n<p>[\/vc_column_text][\/vc_tta_section][vc_tta_section title=\u00bbM\u00f3dulo 2. Asertividad verbal y no verbal para comunicar con claridad\u00bb tab_id=\u00bb1652977524633-abdb3e62-edeb\u00bb][vc_column_text]<\/p>\n<ul>\n<li style=\"font-weight: 400;\" aria-level=\"1\"><span style=\"font-weight: 400;\">Elementos de la comunicaci\u00f3n efectiva.<\/span><\/li>\n<li style=\"font-weight: 400;\" aria-level=\"1\"><span style=\"font-weight: 400;\">Lenguaje verbal: c\u00f3mo expresar ideas y emociones sin confrontaci\u00f3n.<\/span><\/li>\n<li style=\"font-weight: 400;\" aria-level=\"1\"><span style=\"font-weight: 400;\">Lenguaje no verbal: postura, mirada, tono y coherencia.<\/span><\/li>\n<li style=\"font-weight: 400;\" aria-level=\"1\"><span style=\"font-weight: 400;\">T\u00e9cnicas para expresar l\u00edmites de forma respetuosa.<\/span><\/li>\n<li style=\"font-weight: 400;\" aria-level=\"1\"><span style=\"font-weight: 400;\">Estrategias para manejar conversaciones dif\u00edciles.<\/span><\/li>\n<li style=\"font-weight: 400;\" aria-level=\"1\"><span style=\"font-weight: 400;\">Role play: expresar necesidades sin agresi\u00f3n ni pasividad.<\/span><\/li>\n<\/ul>\n<p>[\/vc_column_text][\/vc_tta_section][vc_tta_section title=\u00bbM\u00f3dulo 3. Asertividad en la gesti\u00f3n de conflictos\u00bb tab_id=\u00bb1652977536900-29e8a3ea-caf1&#8243;][vc_column_text]<\/p>\n<ul>\n<li style=\"font-weight: 400;\" aria-level=\"1\"><span style=\"font-weight: 400;\">El conflicto como parte natural de las relaciones humanas.<\/span><\/li>\n<li style=\"font-weight: 400;\" aria-level=\"1\"><span style=\"font-weight: 400;\">T\u00e9cnicas asertivas para resolver desacuerdos.<\/span><\/li>\n<li style=\"font-weight: 400;\" aria-level=\"1\"><span style=\"font-weight: 400;\">Modelo DESC para conversaciones dif\u00edciles.<\/span><\/li>\n<li style=\"font-weight: 400;\" aria-level=\"1\"><span style=\"font-weight: 400;\">T\u00e9cnicas de escucha activa y empat\u00eda en situaciones retadoras.<\/span><\/li>\n<li style=\"font-weight: 400;\" aria-level=\"1\"><span style=\"font-weight: 400;\">Comunicaci\u00f3n a distancia (Zoom, WhatsApp, email) sin perder asertividad.<\/span><\/li>\n<li style=\"font-weight: 400;\" aria-level=\"1\"><span style=\"font-weight: 400;\">Ejercicio pr\u00e1ctico: manejo de escenarios conflictivos reales.<\/span><\/li>\n<\/ul>\n<p>[\/vc_column_text][\/vc_tta_section][vc_tta_section title=\u00bbM\u00f3dulo 4. Aplicaci\u00f3n pr\u00e1ctica y h\u00e1bitos para una comunicaci\u00f3n asertiva\u00bb tab_id=\u00bb1652977544456-893e2809-1a56&#8243;][vc_column_text]<\/p>\n<ul>\n<li style=\"font-weight: 400;\" aria-level=\"1\"><span style=\"font-weight: 400;\">T\u00e9cnicas asertivas: disco rayado, banco de niebla, acuerdos, reformulaci\u00f3n.<\/span><\/li>\n<li style=\"font-weight: 400;\" aria-level=\"1\"><span style=\"font-weight: 400;\">C\u00f3mo decir \u201cno\u201d de forma profesional y sin culpa.<\/span><\/li>\n<li style=\"font-weight: 400;\" aria-level=\"1\"><span style=\"font-weight: 400;\">Asertividad emocional: regular mis emociones para comunicarme mejor.<\/span><\/li>\n<li style=\"font-weight: 400;\" aria-level=\"1\"><span style=\"font-weight: 400;\">Construcci\u00f3n de relaciones sanas y colaborativas.<\/span><\/li>\n<\/ul>\n<p>[\/vc_column_text][\/vc_tta_section][\/vc_tta_accordion][\/vc_column][\/vc_row][vc_row][vc_column width=\u00bb1\/2&#8243;][vc_column_text]<\/p>\n<p style=\"font-size: 20px;\"><strong style=\"color: #0071ce;\">Socio Coparmex:<\/strong><\/p>\n<p>solicita tu c\u00f3digo promocional y obt\u00e9n <strong style=\"color: #96bd13;\">un descuento adicional <\/strong> en todos los cursos.<\/p>\n<p>[\/vc_column_text][\/vc_column][vc_column width=\u00bb1\/2&#8243;][vc_tta_accordion style=\u00bbmodern\u00bb c_icon=\u00bbtriangle\u00bb active_section=\u00bb0&#8243; no_fill=\u00bbtrue\u00bb collapsible_all=\u00bbtrue\u00bb][vc_tta_section title=\u00bbQuiero que me contacte un asesor\u00bb tab_id=\u00bb1592500042006-800fdc9e-0f56&#8243;][dhvc_form id=\u00bb19061&#8243;][\/vc_tta_section][\/vc_tta_accordion][\/vc_column][\/vc_row]<\/p>\n","protected":false},"excerpt":{"rendered":"<p>[vc_row][vc_column][vc_column_text]Obt\u00e9n las habilidades necesarias para comunicarse de manera asertiva, expresar ideas con claridad, establecer l\u00edmites saludables, gestionar conflictos y construir relaciones colaborativas y respetuosas. \u00bfPara qui\u00e9n es este curso? Personas interesadas en mejorar sus relaciones interpersonales, su expresi\u00f3n verbal y no verbal, y su capacidad para comunicarse de forma respetuosa, clara y efectiva en cualquier &hellip; <\/p>\n","protected":false},"author":1,"featured_media":24846,"comment_status":"closed","ping_status":"closed","template":"","tags":[],"mec_category":[972],"mec_speaker":[1030,932],"class_list":["post-20284","mec-events","type-mec-events","status-publish","has-post-thumbnail","hentry","mec_category-desarrollo-humano"],"_links":{"self":[{"href":"https:\/\/coparmexjal.org.mx\/cpx\/wp-json\/wp\/v2\/mec-events\/20284","targetHints":{"allow":["GET"]}}],"collection":[{"href":"https:\/\/coparmexjal.org.mx\/cpx\/wp-json\/wp\/v2\/mec-events"}],"about":[{"href":"https:\/\/coparmexjal.org.mx\/cpx\/wp-json\/wp\/v2\/types\/mec-events"}],"author":[{"embeddable":true,"href":"https:\/\/coparmexjal.org.mx\/cpx\/wp-json\/wp\/v2\/users\/1"}],"replies":[{"embeddable":true,"href":"https:\/\/coparmexjal.org.mx\/cpx\/wp-json\/wp\/v2\/comments?post=20284"}],"wp:featuredmedia":[{"embeddable":true,"href":"https:\/\/coparmexjal.org.mx\/cpx\/wp-json\/wp\/v2\/media\/24846"}],"wp:attachment":[{"href":"https:\/\/coparmexjal.org.mx\/cpx\/wp-json\/wp\/v2\/media?parent=20284"}],"wp:term":[{"taxonomy":"post_tag","embeddable":true,"href":"https:\/\/coparmexjal.org.mx\/cpx\/wp-json\/wp\/v2\/tags?post=20284"},{"taxonomy":"mec_category","embeddable":true,"href":"https:\/\/coparmexjal.org.mx\/cpx\/wp-json\/wp\/v2\/mec_category?post=20284"},{"taxonomy":"mec_speaker","embeddable":true,"href":"https:\/\/coparmexjal.org.mx\/cpx\/wp-json\/wp\/v2\/mec_speaker?post=20284"}],"curies":[{"name":"wp","href":"https:\/\/api.w.org\/{rel}","templated":true}]}}