{"id":13734,"date":"2019-05-09T11:27:22","date_gmt":"2019-05-09T16:27:22","guid":{"rendered":"http:\/\/coparmexjal.org.mx\/?post_type=mec-events&#038;p=13734"},"modified":"2026-03-01T17:03:28","modified_gmt":"2026-03-01T23:03:28","slug":"control-inventarios-almacen-1","status":"publish","type":"mec-events","link":"https:\/\/coparmexjal.org.mx\/cpx\/cursos\/control-inventarios-almacen-1\/","title":{"rendered":"Control de Inventarios y Almac\u00e9n"},"content":{"rendered":"<p>[vc_row][vc_column][vc_column_text]<span style=\"font-weight: 400;\">Obtendr\u00e1s los conocimientos, t\u00e9cnicas y herramientas necesarias para mejorar el desempe\u00f1o en las funciones de almacenamiento y control de inventarios, reduciendo mermas, optimizando recursos, aumentando la productividad y agilizando los procesos operativos dentro del almac\u00e9n.<\/span><\/p>\n<p style=\"text-align: justify;\"><strong>\u00bfPara qui\u00e9n es este curso?<\/strong><\/p>\n<p><span style=\"font-weight: 400;\">Profesionales de log\u00edstica y cadena de suministro, auxiliares de almac\u00e9n o compras, personal de producci\u00f3n y en general toda persona involucrada en la gesti\u00f3n, almacenamiento, distribuci\u00f3n o control de inventarios dentro de la organizaci\u00f3n.<\/span>[\/vc_column_text][\/vc_column][\/vc_row][vc_row css=\u00bb.vc_custom_1644542146667{background-color: #f9f9f9 !important;}\u00bb][vc_column][vc_row_inner][vc_column_inner width=\u00bb1\/3&#8243;][vc_column_text]<b><span style=\"color: #339966;\">Fechas:<\/span><br \/>\n<\/b><span style=\"font-weight: 400;\">20, 27 de agosto; 3, 10 y 17 de septiembre 2026.<\/span><br \/>\n<b style=\"color: #339966;\">Duraci\u00f3n:<br \/>\n<\/b>15 horas.<br \/>\n<b style=\"color: #339966;\">Horario:<br \/>\n<\/b>9:00 a 12:00 hrs.[\/vc_column_text][\/vc_column_inner][vc_column_inner width=\u00bb1\/3&#8243;][vc_column_text]<b><span style=\"color: #339966;\">Nivel de conocimiento:<\/span><br \/>\n<\/b><strong><span style=\"font-weight: 400;\">B\u00e1sico, Dirigido a participantes que desean adquirir o reforzar conocimientos fundamentales en el manejo de inventarios y procesos de almac\u00e9n.<\/span><\/strong>[\/vc_column_text][\/vc_column_inner][vc_column_inner width=\u00bb1\/3&#8243;][vc_column_text]<b><span style=\"color: #339966;\">Habilidades del participante:<\/span><br \/>\n<\/b><\/p>\n<ul>\n<li style=\"font-weight: 400;\" aria-level=\"1\"><span style=\"font-weight: 400;\">Atenci\u00f3n al detalle y precisi\u00f3n en el registro de datos.<\/span><\/li>\n<li style=\"font-weight: 400;\" aria-level=\"1\"><span style=\"font-weight: 400;\">Capacidad de an\u00e1lisis y organizaci\u00f3n.<\/span><\/li>\n<li style=\"font-weight: 400;\" aria-level=\"1\"><span style=\"font-weight: 400;\">Uso b\u00e1sico de computadora y Excel<\/span><\/li>\n<\/ul>\n<p><b style=\"color: #339966;\">Requerimientos:<br \/>\n<\/b><\/p>\n<ul>\n<li aria-level=\"1\"><span style=\"font-weight: 400;\">Asistencia presencial y disposici\u00f3n para participar en actividades pr\u00e1cticas.<\/span><\/li>\n<\/ul>\n<p>[\/vc_column_text][\/vc_column_inner][\/vc_row_inner][vc_row_inner][vc_column_inner width=\u00bb1\/2&#8243;][vc_column_text]<b><span style=\"color: #339966;\">Obtienes:<\/span><br \/>\n<\/b>Diploma, curso pr\u00e1ctico y constancia DC-3[\/vc_column_text][\/vc_column_inner][vc_column_inner width=\u00bb1\/2&#8243;][vc_column_text]<b><span style=\"color: #339966;\">Aprender\u00e1s:<\/span><br \/>\n<\/b><\/p>\n<ul>\n<li aria-level=\"1\">La Importancia del Control de Inventarios<\/li>\n<li aria-level=\"1\">Identificaci\u00f3n de Problemas Frecuentes<\/li>\n<li aria-level=\"1\">Conocimiento y desarrollo de Pol\u00edticas de Control<\/li>\n<li aria-level=\"1\">Implementar de Pr\u00e1cticas Eficientes<\/li>\n<\/ul>\n<p>[\/vc_column_text][\/vc_column_inner][\/vc_row_inner][\/vc_column][\/vc_row][vc_row][vc_column][vc_tta_accordion style=\u00bbmodern\u00bb active_section=\u00bb1&#8243; no_fill=\u00bbtrue\u00bb collapsible_all=\u00bbtrue\u00bb title=\u00bbTemario\u00bb][vc_tta_section title=\u00bbM\u00f3dulo 1. Introducci\u00f3n al control de inventarios (2 horas)\u00bb tab_id=\u00bb1572040042016-5cce572d-ba10&#8243;][vc_column_text]<\/p>\n<ul>\n<li aria-level=\"1\">Conceptos b\u00e1sicos y objetivos del control de inventarios.<\/li>\n<li aria-level=\"1\">Importancia estrat\u00e9gica del almac\u00e9n dentro de la cadena de suministro.<\/li>\n<li aria-level=\"1\">Costos asociados al inventario.<\/li>\n<li aria-level=\"1\">Impacto del control en la productividad y rentabilidad.<\/li>\n<\/ul>\n<p>[\/vc_column_text][\/vc_tta_section][vc_tta_section title=\u00bbM\u00f3dulo 2. Problemas frecuentes en la gesti\u00f3n de inventarios (3 horas)\u00bb tab_id=\u00bb1770323438806-2427508c-d24a\u00bb][vc_column_text]<\/p>\n<ul>\n<li aria-level=\"1\">Errores comunes: exceso, desabasto, p\u00e9rdidas y obsolescencia.<\/li>\n<li aria-level=\"1\">Identificaci\u00f3n de causas y efectos de una mala administraci\u00f3n.<\/li>\n<li aria-level=\"1\">An\u00e1lisis de mermas, diferencias y registros incorrectos.<\/li>\n<li aria-level=\"1\">T\u00e9cnicas para la prevenci\u00f3n y detecci\u00f3n temprana de fallas.<\/li>\n<\/ul>\n<p>[\/vc_column_text][\/vc_tta_section][vc_tta_section title=\u00bbM\u00f3dulo 3. Pol\u00edticas y procedimientos de control (3 horas)\u00bb tab_id=\u00bb1770323464525-e34bb760-eac7&#8243;][vc_column_text]<\/p>\n<ul>\n<li aria-level=\"1\">Establecimiento de pol\u00edticas de inventario y rotaci\u00f3n.<\/li>\n<li aria-level=\"1\">Clasificaci\u00f3n ABC y m\u00e9todos de valoraci\u00f3n (PEPS, UEPS, Promedio).<\/li>\n<li aria-level=\"1\">Procedimientos de registro, control y documentaci\u00f3n.<\/li>\n<li aria-level=\"1\">Trazabilidad y control de movimientos internos.<\/li>\n<\/ul>\n<p>[\/vc_column_text][\/vc_tta_section][vc_tta_section title=\u00bbM\u00f3dulo 4. Procedimientos operativos en almac\u00e9n (3 horas)\u00bb tab_id=\u00bb1770323487461-17bfca94-bef3&#8243;][vc_column_text]<\/p>\n<ul>\n<li aria-level=\"1\">Recepci\u00f3n, revisi\u00f3n y registro de materiales.<\/li>\n<li aria-level=\"1\">Almacenamiento f\u00edsico y organizaci\u00f3n del espacio.<\/li>\n<li aria-level=\"1\">Seguridad, orden y limpieza (5S aplicadas al almac\u00e9n).<\/li>\n<\/ul>\n<p>[\/vc_column_text][\/vc_tta_section][vc_tta_section title=\u00bbM\u00f3dulo 5. Conteo f\u00edsico y auditor\u00eda de inventarios (2.5 horas)\u00bb tab_id=\u00bb1770323511369-2dbc73da-b357&#8243;][vc_column_text]<\/p>\n<ul>\n<li aria-level=\"1\">Procedimientos de conteo f\u00edsico: peri\u00f3dico y c\u00edclico.<\/li>\n<li aria-level=\"1\">Conciliaci\u00f3n de diferencias.<\/li>\n<li aria-level=\"1\">Roles del personal durante la toma f\u00edsica.<\/li>\n<li aria-level=\"1\">Registro y an\u00e1lisis de resultados del conteo.<\/li>\n<\/ul>\n<p>[\/vc_column_text][\/vc_tta_section][vc_tta_section title=\u00bbM\u00f3dulo 6. Mejores pr\u00e1cticas y beneficios del control eficiente (2.5 horas)\u00bb tab_id=\u00bb1770323538281-7ca67e85-fdc7&#8243;][vc_column_text]<\/p>\n<ul>\n<li aria-level=\"1\">Uso de herramientas tecnol\u00f3gicas y Excel para control de inventarios.<\/li>\n<li aria-level=\"1\">Indicadores de desempe\u00f1o: rotaci\u00f3n, cobertura y exactitud.<\/li>\n<li aria-level=\"1\">Mejores pr\u00e1cticas de control log\u00edstico.<\/li>\n<li aria-level=\"1\">Beneficios tangibles e intangibles de un sistema de control eficiente.<\/li>\n<\/ul>\n<p>[\/vc_column_text][\/vc_tta_section][\/vc_tta_accordion][\/vc_column][\/vc_row][vc_row][vc_column width=\u00bb1\/2&#8243;][vc_column_text]<\/p>\n<p style=\"font-size: 20px;\"><strong style=\"color: #0071ce;\">Socio Coparmex:<\/strong><\/p>\n<p>solicita tu c\u00f3digo promocional y obt\u00e9n <strong style=\"color: #96bd13;\">un descuento adicional <\/strong> en todos los cursos.<\/p>\n<p>[\/vc_column_text][\/vc_column][vc_column width=\u00bb1\/2&#8243;][vc_tta_accordion style=\u00bbmodern\u00bb c_icon=\u00bbtriangle\u00bb active_section=\u00bb0&#8243; no_fill=\u00bbtrue\u00bb collapsible_all=\u00bbtrue\u00bb][vc_tta_section title=\u00bbQuiero que me contacte un asesor\u00bb tab_id=\u00bb1592500042006-800fdc9e-0f56&#8243;][dhvc_form id=\u00bb19061&#8243;][\/vc_tta_section][\/vc_tta_accordion][\/vc_column][\/vc_row]<\/p>\n","protected":false},"excerpt":{"rendered":"<p>[vc_row][vc_column][vc_column_text]Obtendr\u00e1s los conocimientos, t\u00e9cnicas y herramientas necesarias para mejorar el desempe\u00f1o en las funciones de almacenamiento y control de inventarios, reduciendo mermas, optimizando recursos, aumentando la productividad y agilizando los procesos operativos dentro del almac\u00e9n. \u00bfPara qui\u00e9n es este curso? Profesionales de log\u00edstica y cadena de suministro, auxiliares de almac\u00e9n o compras, personal de producci\u00f3n &hellip; <\/p>\n","protected":false},"author":1,"featured_media":24829,"comment_status":"closed","ping_status":"closed","template":"","tags":[],"mec_category":[898],"mec_speaker":[928],"class_list":["post-13734","mec-events","type-mec-events","status-publish","has-post-thumbnail","hentry","mec_category-academia-de-administracion"],"_links":{"self":[{"href":"https:\/\/coparmexjal.org.mx\/cpx\/wp-json\/wp\/v2\/mec-events\/13734","targetHints":{"allow":["GET"]}}],"collection":[{"href":"https:\/\/coparmexjal.org.mx\/cpx\/wp-json\/wp\/v2\/mec-events"}],"about":[{"href":"https:\/\/coparmexjal.org.mx\/cpx\/wp-json\/wp\/v2\/types\/mec-events"}],"author":[{"embeddable":true,"href":"https:\/\/coparmexjal.org.mx\/cpx\/wp-json\/wp\/v2\/users\/1"}],"replies":[{"embeddable":true,"href":"https:\/\/coparmexjal.org.mx\/cpx\/wp-json\/wp\/v2\/comments?post=13734"}],"wp:featuredmedia":[{"embeddable":true,"href":"https:\/\/coparmexjal.org.mx\/cpx\/wp-json\/wp\/v2\/media\/24829"}],"wp:attachment":[{"href":"https:\/\/coparmexjal.org.mx\/cpx\/wp-json\/wp\/v2\/media?parent=13734"}],"wp:term":[{"taxonomy":"post_tag","embeddable":true,"href":"https:\/\/coparmexjal.org.mx\/cpx\/wp-json\/wp\/v2\/tags?post=13734"},{"taxonomy":"mec_category","embeddable":true,"href":"https:\/\/coparmexjal.org.mx\/cpx\/wp-json\/wp\/v2\/mec_category?post=13734"},{"taxonomy":"mec_speaker","embeddable":true,"href":"https:\/\/coparmexjal.org.mx\/cpx\/wp-json\/wp\/v2\/mec_speaker?post=13734"}],"curies":[{"name":"wp","href":"https:\/\/api.w.org\/{rel}","templated":true}]}}