{"id":13723,"date":"2019-05-08T13:02:07","date_gmt":"2019-05-08T18:02:07","guid":{"rendered":"http:\/\/coparmexjal.org.mx\/?post_type=mec-events&#038;p=13723"},"modified":"2023-01-19T14:43:50","modified_gmt":"2023-01-19T20:43:50","slug":"formacion-profesional-en-relaciones-laborales","status":"publish","type":"mec-events","link":"https:\/\/coparmexjal.org.mx\/cpx\/cursos\/formacion-profesional-en-relaciones-laborales\/","title":{"rendered":"Formaci\u00f3n Profesional en Relaciones Laborales"},"content":{"rendered":"<p>[vc_row][vc_column][vc_column_text]Actualiza tu conocimientos en materia laboral de acuerdo a las normativas nacionales e internacionales y proporcionar las herramientas necesarias para desarrollar estrategias para el cumplimiento legal evitando riesgos a la empresas, a trav\u00e9s de una plataforma 100% autogestiva y con el apoyo de personal especialista.<\/p>\n<p><strong>\u00bfPara qui\u00e9n es este curso?<\/strong><br \/>\nDirectores de empresas, gerentes administrativos, gerentes de recursos humanos, auxiliares de recursos humanos, capital humano, abogados de la empresa, responsables de seguridad y salud en el trabajo.[\/vc_column_text][\/vc_column][\/vc_row][vc_row][vc_column][vc_tta_accordion style=\u00bbmodern\u00bb active_section=\u00bb0&#8243; no_fill=\u00bbtrue\u00bb collapsible_all=\u00bbtrue\u00bb title=\u00bbTemario\u00bb][vc_tta_section title=\u00bbM\u00d3DULO I. CUMPLIMIENTO Y ADAPTACI\u00d3N DE LOS TRATADOS INTERNACIONALES\u00bb tab_id=\u00bb1572040042016-5cce572d-ba10&#8243;][vc_column_text]<b>Normas internacionales del trabajo<\/b><\/p>\n<ul>\n<li aria-level=\"1\">Di\u00e1logo tripartito<\/li>\n<li aria-level=\"1\">El papel de la OIT en una econom\u00eda mundializada<\/li>\n<li aria-level=\"1\">Libertad sindical<\/li>\n<li aria-level=\"1\">Negociaci\u00f3n colectiva<\/li>\n<li aria-level=\"1\">Igualdad de oportunidades y de trato<\/li>\n<li aria-level=\"1\">Pol\u00edtica del empleo y derecho del trabajo (Convenio n\u00fam. 122)<\/li>\n<\/ul>\n<p><b>Orientaci\u00f3n sobre el teletrabajo (home office), de acuerdo a las experiencias internacionales<\/b><\/p>\n<ul>\n<li aria-level=\"1\">Introducci\u00f3n al Convenio n\u00fam. 177 y a la Recomendaci\u00f3n n\u00fam. 184<\/li>\n<li aria-level=\"1\">Definiciones y \u00e1mbito de aplicaci\u00f3n<\/li>\n<li aria-level=\"1\">Recomendaci\u00f3n de mejores pr\u00e1cticas a nivel internacional en teletrabajo.<\/li>\n<\/ul>\n<p><b>El trabajo decente para un desarrollo sostenible<\/b><\/p>\n<ul>\n<li aria-level=\"1\">Programa de trabajo decente para M\u00e9xico<\/li>\n<li aria-level=\"1\">Indicadores de trabajo decente para seguir los progresos en la consecuci\u00f3n de los ODS<\/li>\n<li aria-level=\"1\">Introducci\u00f3n a la gu\u00eda de autodiagn\u00f3stico empresarial<\/li>\n<\/ul>\n<p>[\/vc_column_text][\/vc_tta_section][vc_tta_section title=\u00bbM\u00d3DULO II. ASPECTOS LEGALES RELACIONADOS CON EL INICIO Y TRANSCURSO DE LA RELACI\u00d3N DE TRABAJO\u00bb tab_id=\u00bb1572040042052-a5098803-647b\u00bb][vc_column_text]<strong>Aplicaci\u00f3n y manejo de las condiciones y los diferentes tipos de contrato laboral<\/strong><\/p>\n<ul>\n<li aria-level=\"1\">Por tiempo indeterminado, sujeto aprueba, capacitaci\u00f3n inicial, por tiempo y obra determinada, por temporada<\/li>\n<li aria-level=\"1\">Condiciones que deben establecerse en el contrato<\/li>\n<\/ul>\n<p><strong>Principales obligaciones y prohibiciones a los trabajadores y patrones<\/strong><\/p>\n<p><strong>El Reglamento Interior de Trabajo<\/strong><\/p>\n<ul>\n<li aria-level=\"1\">Requisitos<\/li>\n<li aria-level=\"1\">Dep\u00f3sito<\/li>\n<li aria-level=\"1\">Comisi\u00f3n mixta<\/li>\n<\/ul>\n<p><strong>Las prestaciones legales a las que tiene derecho el colaborador y su correcta administraci\u00f3n<\/strong><\/p>\n<p><strong>Teletrabajo<\/strong><\/p>\n<ul>\n<li aria-level=\"1\">Caracter\u00edsticas del Teletrabajo<\/li>\n<li aria-level=\"1\">Que debe de contener el contrato<\/li>\n<li aria-level=\"1\">Contrato colectivo de trabajo\/ Reglamento Interior de Trabajo<\/li>\n<li aria-level=\"1\">Obligaciones especiales del patr\u00f3n y trabajador<\/li>\n<li aria-level=\"1\">De la supervisi\u00f3n<\/li>\n<li aria-level=\"1\">Condiciones especiales de seguridad y salud<\/li>\n<\/ul>\n<p><strong>Reforma a la Subcontrataci\u00f3n<\/strong><\/p>\n<ul>\n<li aria-level=\"1\">Prohibici\u00f3n de la subcontrataci\u00f3n<\/li>\n<li aria-level=\"1\">Subcontrataci\u00f3n de servicios especializados o de ejecuci\u00f3n de obras especializadas<\/li>\n<li aria-level=\"1\">Formalizaci\u00f3n<\/li>\n<li aria-level=\"1\">REPSE<\/li>\n<li aria-level=\"1\">Sustituci\u00f3n patronal<\/li>\n<\/ul>\n<p>[\/vc_column_text][\/vc_tta_section][vc_tta_section title=\u00bbM\u00d3DULO III. C\u00d3MO CONCLUIR DE FORMA ADECUADA UNA RELACI\u00d3N DE TRABAJO \u00bb tab_id=\u00bb1572040325111-9bec5bc2-a1ac\u00bb][vc_column_text]<strong>\u00a0La suspensi\u00f3n de la relaci\u00f3n de trabajo\u00a0<\/strong><\/p>\n<ul>\n<li aria-level=\"1\">Causas<\/li>\n<li aria-level=\"1\">Efectos<\/li>\n<\/ul>\n<p><strong>Causales de rescisi\u00f3n de la relaci\u00f3n de trabajo<\/strong><\/p>\n<ul>\n<li aria-level=\"1\">Por el patr\u00f3n<\/li>\n<li aria-level=\"1\">Por el trabajador<\/li>\n<\/ul>\n<p><strong>Formalizaci\u00f3n y procedimientos de la terminaci\u00f3n de la relaci\u00f3n de trabajo<\/strong><\/p>\n<ul>\n<li aria-level=\"1\">Rescisi\u00f3n de la relaci\u00f3n de trabajo sin responsabilidad para el patr\u00f3n<\/li>\n<li aria-level=\"1\">Rescisi\u00f3n de la relaci\u00f3n de trabajo sin responsabilidad para el trabajador<\/li>\n<li aria-level=\"1\">Renuncia Voluntaria<\/li>\n<li aria-level=\"1\">Al t\u00e9rmino de un periodo a prueba o capacitaci\u00f3n inicial<\/li>\n<li aria-level=\"1\">Muerte<\/li>\n<\/ul>\n<p><strong>Pagos al trabajador por conclusi\u00f3n de relaci\u00f3n de trabajo &#8211; Rescisi\u00f3n de la relaci\u00f3n de trabajo sin responsabilidad para el patr\u00f3n<\/strong><\/p>\n<ul>\n<li aria-level=\"1\">Rescisi\u00f3n de la relaci\u00f3n de trabajo sin responsabilidad para el trabajador<\/li>\n<li aria-level=\"1\">Renuncia Voluntaria<\/li>\n<li aria-level=\"1\">Al t\u00e9rmino de un periodo a prueba o capacitaci\u00f3n inicial<\/li>\n<li aria-level=\"1\">Muerte<\/li>\n<\/ul>\n<p>[\/vc_column_text][\/vc_tta_section][vc_tta_section title=\u00bbM\u00d3DULO IV. CAMBIOS EN LOS PROCEDIMIENTOS; AUTORIDADES LABORALES Y RELACION SINDICAL. REFORMA DEL 2019&#8243; tab_id=\u00bb1592005686327-6c60531a-9105&#8243;][vc_column_text]<b>Autoridades Laborales<\/b><\/p>\n<ul>\n<li aria-level=\"1\">Tribunales Laborales<\/li>\n<li aria-level=\"1\">Competencia federal y local<\/li>\n<li aria-level=\"1\">Procedimiento<\/li>\n<li aria-level=\"1\">Coexistencia de las Juntas de Conciliaci\u00f3n y Arbitraje Local y Federal<\/li>\n<\/ul>\n<p><strong>Centros de Conciliaci\u00f3n<\/strong><\/p>\n<ul>\n<li aria-level=\"1\">Conciliaci\u00f3n obligatoria o voluntaria<\/li>\n<li aria-level=\"1\">Derechos Irrenunciables<\/li>\n<li aria-level=\"1\">Procedimiento de la conciliaci\u00f3n<\/li>\n<li aria-level=\"1\">Excepciones de agotar la conciliaci\u00f3n<\/li>\n<\/ul>\n<p><strong>Centro Federal de Conciliaci\u00f3n y Registro Laboral\u00a0<\/strong><\/p>\n<ul>\n<li aria-level=\"1\">Competencia<\/li>\n<li aria-level=\"1\">Principios<\/li>\n<li aria-level=\"1\">Funciones Registrales<\/li>\n<li aria-level=\"1\">Funciones Conciliatorias<\/li>\n<\/ul>\n<p><strong>Centros de Conciliaci\u00f3n Estatal<\/strong><\/p>\n<ul>\n<li aria-level=\"1\">Competencia<\/li>\n<li aria-level=\"1\">Principios<\/li>\n<\/ul>\n<p><b>Relaci\u00f3n Sindical<br \/>\n<\/b><strong>Entrega de contratos colectivos a los trabajadores\u00a0<\/strong><br \/>\n<strong>Constancia de Representatividad<\/strong><\/p>\n<ul>\n<li aria-level=\"1\">-\u00bfPara qu\u00e9 es?<\/li>\n<li aria-level=\"1\">-\u00bfPara que sirve?<\/li>\n<li aria-level=\"1\">-\u00bfComo se obtiene?<\/li>\n<li aria-level=\"1\">Plazo<\/li>\n<\/ul>\n<p><strong>Titularidad de Contratos Colectivos<br \/>\nMultiplicidad de contratos colectivos<\/strong><\/p>\n<ul>\n<li aria-level=\"1\">Centrales Obreras<\/li>\n<li aria-level=\"1\">Estrategias<\/li>\n<\/ul>\n<p><strong>Legitimaci\u00f3n de contratos colectivos<br \/>\nReformas a la vida sindical<\/strong><br \/>\n<strong>Nuevas reglas en el Proceso de revisi\u00f3n de contratos colectivos.\u00a0<\/strong><br \/>\n<strong>Impactos laborales en la exportaci\u00f3n de bienes y servicios.\u00a0<\/strong>[\/vc_column_text][\/vc_tta_section][vc_tta_section title=\u00bbM\u00d3DULO V. C\u00d3MO ATENDER ADECUADAMENTE LAS INSPECCIONES EN MATERIA LABORAL\u00bb tab_id=\u00bb1592005695578-58c587bf-e3dc\u00bb][vc_column_text]<strong>El Reglamento de Inspecciones en materia laboral. Ultima reforma<\/strong><br \/>\n<strong>Los tipos de inspecciones y los mecanismos alternos de inspecci\u00f3n.<\/strong><br \/>\n<strong>Qu\u00e9 puede comprender una inspecci\u00f3n<\/strong><\/p>\n<ul>\n<li aria-level=\"1\">Obligaciones de los inspectores<\/li>\n<li aria-level=\"1\">El acta de inspecci\u00f3n<\/li>\n<\/ul>\n<p><strong>Procedimiento Administrativo Sancionador<\/strong><br \/>\n<strong>Los medios de defensa<\/strong><\/p>\n<ul>\n<li aria-level=\"1\">Recurso de Revisi\u00f3n<\/li>\n<li aria-level=\"1\">Juicio de Nulidad<\/li>\n<li aria-level=\"1\">Amparo<\/li>\n<\/ul>\n<p><strong>Inspecciones de condiciones Generales, Capacitaci\u00f3n y Seguridad e Higiene<\/strong><br \/>\n<strong>El Programa de Autogesti\u00f3n.<\/strong>[\/vc_column_text][\/vc_tta_section][vc_tta_section title=\u00bbM\u00d3DULO VI. ASPECTOS ESTRAT\u00c9GICOS DE SEGURIDAD SOCIAL E INFONAVIT\u00bb tab_id=\u00bb1592005734183-9b97e17d-0223&#8243;][vc_column_text]<strong>La Seguridad Social en M\u00e9xico<\/strong><\/p>\n<ul>\n<li aria-level=\"1\">Concepto de: Sujetos, objeto, base de cotizaci\u00f3n y taza.<\/li>\n<li aria-level=\"1\">Obligaciones de los patrones en materia de Seguridad Social.<\/li>\n<li aria-level=\"1\">Alta patronal y clasificaci\u00f3n de empresas. Integraci\u00f3n del salario para efectos del IMSS y el INFONAVIT<\/li>\n<\/ul>\n<p><strong>Los riesgos de trabajo y los capitales constitutivos.<\/strong><\/p>\n<ul>\n<li aria-level=\"1\">Accidentes y enfermedades de trabajo<\/li>\n<li aria-level=\"1\">Calificaci\u00f3n de los accidentes y enfermedad de trabajo por el IMSS<\/li>\n<li aria-level=\"1\">Subsidio, importe y tiempo<\/li>\n<li aria-level=\"1\">Pensiones por riesgo de trabajo<\/li>\n<\/ul>\n<p><strong>Enfermedad general y maternidad.<\/strong><\/p>\n<ul>\n<li aria-level=\"1\">Subsidio por enfermedad general y maternidad, importe y tiempo<\/li>\n<li aria-level=\"1\">Requisitos para tener derecho a los subsidios.<\/li>\n<li aria-level=\"1\">Pensi\u00f3n de Invalidez y Viudez<\/li>\n<li aria-level=\"1\">Requisitos para tener derecho a las pensiones.<\/li>\n<\/ul>\n<p><strong>La incorporaci\u00f3n voluntaria al R\u00e9gimen Obligatorio<br \/>\nLas sanciones por el incumplimiento de obligaciones y delitos en materia de seguridad social.<br \/>\nCambios en la Seguridad Social por la reforma a la Subcontrataci\u00f3n.<\/strong><br \/>\n<strong>Informes cuatrimestrales de contratos de servicios u obras especializadas<\/strong><\/p>\n<ul>\n<li aria-level=\"1\">ICSOE para el IMSS<\/li>\n<li aria-level=\"1\">SISUB para el INFONAVIT.<\/li>\n<\/ul>\n<p><b>Principales obligaciones patronales ante el INFONAVIT<\/b><\/p>\n<ul>\n<li aria-level=\"1\">Reglas para el otorgamiento de cr\u00e9ditos INFONAVIT<\/li>\n<li aria-level=\"1\">Amortizaciones de INFONAVIT<\/li>\n<li aria-level=\"1\">Las \u00faltimas reformas legales de INFONAVIT<\/li>\n<\/ul>\n<p>[\/vc_column_text][\/vc_tta_section][\/vc_tta_accordion][\/vc_column][\/vc_row][vc_row][vc_column width=\u00bb1\/2&#8243;][vc_column_text]<\/p>\n<p style=\"font-size: 20px;\"><strong style=\"color: #0071ce;\">Socio Coparmex:<\/strong><br \/>\nsolicita tu c\u00f3digo promocional y obt\u00e9n <strong style=\"color: #96bd13;\">un descuento adicional <\/strong> en todos los cursos.<\/p>\n<p>[\/vc_column_text][\/vc_column][vc_column width=\u00bb1\/2&#8243;][vc_tta_accordion style=\u00bbmodern\u00bb active_section=\u00bb0&#8243; no_fill=\u00bbtrue\u00bb collapsible_all=\u00bbtrue\u00bb][vc_tta_section title=\u00bbQuiero que me contacte un asesor\u00bb tab_id=\u00bb1592505037381-b86bc28a-9a68&#8243;][dhvc_form id=\u00bb19061&#8243;][\/vc_tta_section][\/vc_tta_accordion][\/vc_column][\/vc_row]<\/p>\n","protected":false},"excerpt":{"rendered":"<p>[vc_row][vc_column][vc_column_text]Actualiza tu conocimientos en materia laboral de acuerdo a las normativas nacionales e internacionales y proporcionar las herramientas necesarias para desarrollar estrategias para el cumplimiento legal evitando riesgos a la empresas, a trav\u00e9s de una plataforma 100% autogestiva y con el apoyo de personal especialista. \u00bfPara qui\u00e9n es este curso? Directores de empresas, gerentes administrativos, &hellip; <\/p>\n","protected":false},"author":1,"featured_media":13725,"comment_status":"closed","ping_status":"closed","template":"","tags":[],"mec_category":[900,673],"mec_speaker":[1007,1013,1012],"class_list":["post-13723","mec-events","type-mec-events","status-publish","has-post-thumbnail","hentry","mec_category-academia-de-desarrollo-organizacional","mec_category-habilidades"],"_links":{"self":[{"href":"https:\/\/coparmexjal.org.mx\/cpx\/wp-json\/wp\/v2\/mec-events\/13723","targetHints":{"allow":["GET"]}}],"collection":[{"href":"https:\/\/coparmexjal.org.mx\/cpx\/wp-json\/wp\/v2\/mec-events"}],"about":[{"href":"https:\/\/coparmexjal.org.mx\/cpx\/wp-json\/wp\/v2\/types\/mec-events"}],"author":[{"embeddable":true,"href":"https:\/\/coparmexjal.org.mx\/cpx\/wp-json\/wp\/v2\/users\/1"}],"replies":[{"embeddable":true,"href":"https:\/\/coparmexjal.org.mx\/cpx\/wp-json\/wp\/v2\/comments?post=13723"}],"wp:featuredmedia":[{"embeddable":true,"href":"https:\/\/coparmexjal.org.mx\/cpx\/wp-json\/wp\/v2\/media\/13725"}],"wp:attachment":[{"href":"https:\/\/coparmexjal.org.mx\/cpx\/wp-json\/wp\/v2\/media?parent=13723"}],"wp:term":[{"taxonomy":"post_tag","embeddable":true,"href":"https:\/\/coparmexjal.org.mx\/cpx\/wp-json\/wp\/v2\/tags?post=13723"},{"taxonomy":"mec_category","embeddable":true,"href":"https:\/\/coparmexjal.org.mx\/cpx\/wp-json\/wp\/v2\/mec_category?post=13723"},{"taxonomy":"mec_speaker","embeddable":true,"href":"https:\/\/coparmexjal.org.mx\/cpx\/wp-json\/wp\/v2\/mec_speaker?post=13723"}],"curies":[{"name":"wp","href":"https:\/\/api.w.org\/{rel}","templated":true}]}}