{"id":12381,"date":"2018-11-06T10:10:49","date_gmt":"2018-11-06T16:10:49","guid":{"rendered":"http:\/\/coparmexjal.org.mx\/?post_type=mec-events&#038;p=12381"},"modified":"2026-04-08T13:53:11","modified_gmt":"2026-04-08T19:53:11","slug":"marketing-digital","status":"publish","type":"mec-events","link":"https:\/\/coparmexjal.org.mx\/cpx\/cursos\/marketing-digital\/","title":{"rendered":"Seminario En Marketing Digital"},"content":{"rendered":"<p>[vc_row][vc_column][vc_column_text]<\/p>\n<p style=\"text-align: justify;\">Obt\u00e9n conocimientos y t\u00e9cnicas para gestionar, construir y moderar una comunidad de Internet por medio de las redes sociales de la empresa,\u00a0 podr\u00e1s dise\u00f1ar e implementar estrategias y dinamizar comunidades de clientes de forma eficaz y atractiva, gestionando la imagen de la empresa en redes sociales.<\/p>\n<p style=\"text-align: justify;\"><strong>\u00bfPara qui\u00e9n es este curso?<br \/>\n<\/strong>Community managers, due\u00f1os de negocios y personas en general que quieran aprender la gesti\u00f3n profesional de redes sociales<\/p>\n<p>[\/vc_column_text][\/vc_column][\/vc_row][vc_row][vc_column][vc_tta_accordion style=\u00bbmodern\u00bb active_section=\u00bb0&#8243; no_fill=\u00bbtrue\u00bb collapsible_all=\u00bbtrue\u00bb title=\u00bbTemario\u00bb][vc_tta_section title=\u00bb1. Redacci\u00f3n.\u00bb tab_id=\u00bb1572040042016-5cce572d-ba10&#8243;][vc_column_text]<\/p>\n<ul>\n<li aria-level=\"1\">Redacci\u00f3n Web.<\/li>\n<li aria-level=\"1\">Redacci\u00f3n para redes sociales.<\/li>\n<\/ul>\n<p>[\/vc_column_text][\/vc_tta_section][vc_tta_section title=\u00bb2. Crisis en Redes Sociales. \u00bb tab_id=\u00bb1572040042052-a5098803-647b\u00bb][vc_column_text]<\/p>\n<ul>\n<li aria-level=\"1\">Ejemplos y consejos para la resoluci\u00f3n de crisis en redes sociales.<\/li>\n<li aria-level=\"1\">\u00a0La Netiqueta.<\/li>\n<\/ul>\n<p>[\/vc_column_text][\/vc_tta_section][vc_tta_section title=\u00bb3. El copywriting. \u00bb tab_id=\u00bb1572040325111-9bec5bc2-a1ac\u00bb][vc_column_text]<\/p>\n<ul>\n<li aria-level=\"1\">Recomendaciones.<\/li>\n<li aria-level=\"1\">T\u00e9cnicas y f\u00f3rmulas m\u00e1s importantes del copywriting.<\/li>\n<li aria-level=\"1\">Ejemplos pr\u00e1cticos. Redacci\u00f3n SEO y UX Copywriting.<\/li>\n<\/ul>\n<p>[\/vc_column_text][\/vc_tta_section][vc_tta_section title=\u00bb4. El Contenido. \u00bb tab_id=\u00bb1572040361398-293d9e3e-5032&#8243;][vc_column_text]<\/p>\n<ul>\n<li aria-level=\"1\">Profundizando en el Contenido como pieza fundamental del social media marketing.<\/li>\n<li aria-level=\"1\">El marketing de contenidos.<\/li>\n<li aria-level=\"1\">El Social Listening para crear contenido.<\/li>\n<li aria-level=\"1\">50 ideas para crear contenido.<\/li>\n<\/ul>\n<p>[\/vc_column_text][\/vc_tta_section][vc_tta_section title=\u00bb5. Imagen Corporativa en Redes Sociales. \u00bb tab_id=\u00bb1572040399963-4665332b-08d5&#8243;][vc_column_text]<\/p>\n<ul>\n<li aria-level=\"1\">Importancia.<\/li>\n<li aria-level=\"1\">Ejemplos.<\/li>\n<\/ul>\n<p>[\/vc_column_text][\/vc_tta_section][vc_tta_section title=\u00bb6. Los factores de \u00e9xito en las principales redes sociales. \u00bb tab_id=\u00bb1572293702246-b01e5b9e-9ce2&#8243;][vc_column_text]<\/p>\n<ul>\n<li>\n<ul>\n<li aria-level=\"1\">\u00bfCu\u00e1les son los puntos a considerar para tener buenos resultados en redes sociales?<\/li>\n<li aria-level=\"1\">Consejos pr\u00e1cticos.<\/li>\n<\/ul>\n<ul>\n<li aria-level=\"1\">Aplicando el conocimiento en cada una de las redes sociales como facebook, whatsapp, youtube, X e instagram.<\/li>\n<li aria-level=\"1\">Mejores d\u00edas, horas y cantidad de contenido a publicar en las redes sociales. Estrategias en RRSS.<\/li>\n<\/ul>\n<\/li>\n<\/ul>\n<p>[\/vc_column_text][\/vc_tta_section][vc_tta_section title=\u00bb7. Facebook no est\u00e1 muerto. \u00bb tab_id=\u00bb1732816630811-d5480a8d-55f6&#8243;][vc_column_text]<\/p>\n<ul>\n<li aria-level=\"1\">Estrategias org\u00e1nicas ganadoras y porqu\u00e9 facebook es a\u00fan una red social importante.<\/li>\n<li aria-level=\"1\">Grupos<\/li>\n<li aria-level=\"1\">Eventos<\/li>\n<li aria-level=\"1\">Facebook messenger.<\/li>\n<li aria-level=\"1\">Historias y reels de facebook.<\/li>\n<li aria-level=\"1\">MarketPlace<\/li>\n<\/ul>\n<p>[\/vc_column_text][\/vc_tta_section][vc_tta_section title=\u00bb8. Meta ads Conociendo el entorno de la Suite de Meta. \u00bb tab_id=\u00bb1732816654244-03a17396-da42&#8243;][vc_column_text]<\/p>\n<ul>\n<li aria-level=\"1\">Dominar\u00e1s la plataforma Meta <i>Business Suite<\/i>, portafolio comercial y administrador de anuncios.<\/li>\n<li aria-level=\"1\">Programaci\u00f3n de contenido en Meta desde la aplicaci\u00f3n de Meta Business Suite<\/li>\n<li aria-level=\"1\">Distintas maneras de pautar en Meta con objetivos en facebook, instagram y Whatsapp.<\/li>\n<li aria-level=\"1\">\u00a0Dise\u00f1ando el anuncio perfecto.<\/li>\n<li aria-level=\"1\">Las m\u00e9tricas en Meta.<\/li>\n<li aria-level=\"1\">El <i>remarketing<\/i> en facebook.<\/li>\n<li aria-level=\"1\">Creando tu tienda en Facebook<\/li>\n<\/ul>\n<p>[\/vc_column_text][\/vc_tta_section][vc_tta_section title=\u00bb9. Instagram Optimizando tu perfil de Instagram.\u00bb tab_id=\u00bb1732816677552-23a3e52f-0032&#8243;][vc_column_text]<\/p>\n<ul>\n<li aria-level=\"1\">Creando tu cuenta profesional<\/li>\n<li aria-level=\"1\">La importancia de las historias en instagram y los highlights.<\/li>\n<li aria-level=\"1\">Estrategias digitales en instagram<\/li>\n<li aria-level=\"1\">Conociendo todo el potencial de instagram.<\/li>\n<li aria-level=\"1\">Creando anuncios desde la app de instagram M\u00e9tricas en instagram.<\/li>\n<\/ul>\n<p>[\/vc_column_text][\/vc_tta_section][vc_tta_section title=\u00bb10. Video Marketing. \u00bb tab_id=\u00bb1732816699763-6199f67b-ef6a\u00bb][vc_column_text]<\/p>\n<ul>\n<li aria-level=\"1\">La importancia de los micromomentos.<\/li>\n<li aria-level=\"1\">Los reels de instagram c\u00f3mo hacerlos .<\/li>\n<li aria-level=\"1\">Los Shorts de Youtube.<\/li>\n<li aria-level=\"1\">Creando v\u00eddeos para tiktok.<\/li>\n<li aria-level=\"1\">Aprendiendo a editar para las redes sociales con CapCut.<\/li>\n<\/ul>\n<p>[\/vc_column_text][\/vc_tta_section][vc_tta_section title=\u00bb11. Influencer Marketing y el El UGC, o Contenido Generado por el Usuario\u00bb tab_id=\u00bb1732816720796-4af21fd5-1d4f\u00bb][vc_column_text]<\/p>\n<ul>\n<li aria-level=\"1\">Recomendaciones para llevarlo a tu marca.<\/li>\n<\/ul>\n<p>[\/vc_column_text][\/vc_tta_section][vc_tta_section title=\u00bb12. La inteligencia artificial en las redes sociales. \u00bb tab_id=\u00bb1732816771700-04ab29a0-97ed\u00bb][vc_column_text]<\/p>\n<ul>\n<li aria-level=\"1\">Generalidades sobre la Inteligencia Artificial.<\/li>\n<li aria-level=\"1\">Creando textos persuasivos (copywriting) para tus post y anuncios con ChatGPT.<\/li>\n<li aria-level=\"1\">Generando contenido gr\u00e1fico con Inteligencia Artificial y Microsoft Designer.<\/li>\n<li aria-level=\"1\">Ideas de contenido con Inteligencia Artificial y Gemini de Google.<\/li>\n<\/ul>\n<p>[\/vc_column_text][\/vc_tta_section][vc_tta_section title=\u00bb13. M\u00e9tricas, mediciones e interpretaci\u00f3n de datos. \u00bb tab_id=\u00bb1732816807672-f70c5eea-32f2&#8243;][vc_column_text]<\/p>\n<ul>\n<li aria-level=\"1\">Todo lo que es medible es mejorable.<\/li>\n<li aria-level=\"1\">Conociendo tus indicadores.<\/li>\n<li aria-level=\"1\">\u00bfQu\u00e9 son los KPIS?<\/li>\n<\/ul>\n<p>[\/vc_column_text][\/vc_tta_section][\/vc_tta_accordion][\/vc_column][\/vc_row][vc_row][vc_column width=\u00bb1\/2&#8243;][vc_column_text]<\/p>\n<p style=\"font-size: 20px;\"><strong style=\"color: #0071ce;\">Socio Coparmex:<\/strong><\/p>\n<p>solicita tu c\u00f3digo promocional y obt\u00e9n <strong style=\"color: #96bd13;\">un descuento adicional <\/strong> en todos los cursos.<\/p>\n<p>[\/vc_column_text][\/vc_column][vc_column width=\u00bb1\/2&#8243;][vc_tta_accordion style=\u00bbmodern\u00bb c_icon=\u00bbtriangle\u00bb active_section=\u00bb0&#8243; no_fill=\u00bbtrue\u00bb collapsible_all=\u00bbtrue\u00bb][vc_tta_section title=\u00bbQuiero que me contacte un asesor\u00bb tab_id=\u00bb1592500042006-800fdc9e-0f56&#8243;][dhvc_form id=\u00bb19061&#8243;][\/vc_tta_section][\/vc_tta_accordion][\/vc_column][\/vc_row]<\/p>\n","protected":false},"excerpt":{"rendered":"<p>[vc_row][vc_column][vc_column_text] Obt\u00e9n conocimientos y t\u00e9cnicas para gestionar, construir y moderar una comunidad de Internet por medio de las redes sociales de la empresa,\u00a0 podr\u00e1s dise\u00f1ar e implementar estrategias y dinamizar comunidades de clientes de forma eficaz y atractiva, gestionando la imagen de la empresa en redes sociales. \u00bfPara qui\u00e9n es este curso? Community managers, due\u00f1os &hellip; <\/p>\n","protected":false},"author":1,"featured_media":12382,"comment_status":"closed","ping_status":"closed","template":"","tags":[],"mec_category":[901],"mec_speaker":[],"class_list":["post-12381","mec-events","type-mec-events","status-publish","has-post-thumbnail","hentry","mec_category-academia-de-mercado"],"_links":{"self":[{"href":"https:\/\/coparmexjal.org.mx\/cpx\/wp-json\/wp\/v2\/mec-events\/12381","targetHints":{"allow":["GET"]}}],"collection":[{"href":"https:\/\/coparmexjal.org.mx\/cpx\/wp-json\/wp\/v2\/mec-events"}],"about":[{"href":"https:\/\/coparmexjal.org.mx\/cpx\/wp-json\/wp\/v2\/types\/mec-events"}],"author":[{"embeddable":true,"href":"https:\/\/coparmexjal.org.mx\/cpx\/wp-json\/wp\/v2\/users\/1"}],"replies":[{"embeddable":true,"href":"https:\/\/coparmexjal.org.mx\/cpx\/wp-json\/wp\/v2\/comments?post=12381"}],"wp:featuredmedia":[{"embeddable":true,"href":"https:\/\/coparmexjal.org.mx\/cpx\/wp-json\/wp\/v2\/media\/12382"}],"wp:attachment":[{"href":"https:\/\/coparmexjal.org.mx\/cpx\/wp-json\/wp\/v2\/media?parent=12381"}],"wp:term":[{"taxonomy":"post_tag","embeddable":true,"href":"https:\/\/coparmexjal.org.mx\/cpx\/wp-json\/wp\/v2\/tags?post=12381"},{"taxonomy":"mec_category","embeddable":true,"href":"https:\/\/coparmexjal.org.mx\/cpx\/wp-json\/wp\/v2\/mec_category?post=12381"},{"taxonomy":"mec_speaker","embeddable":true,"href":"https:\/\/coparmexjal.org.mx\/cpx\/wp-json\/wp\/v2\/mec_speaker?post=12381"}],"curies":[{"name":"wp","href":"https:\/\/api.w.org\/{rel}","templated":true}]}}